{"id":3122,"date":"2016-07-28T14:54:23","date_gmt":"2016-07-28T12:54:23","guid":{"rendered":"https:\/\/fud.ujep.cz\/faculty\/organy-fakulty\/"},"modified":"2025-10-30T11:05:08","modified_gmt":"2025-10-30T09:05:08","slug":"faculty-management","status":"publish","type":"page","link":"https:\/\/fud.ujep.cz\/en\/faculty\/faculty-management\/","title":{"rendered":"Faculty Management"},"content":{"rendered":"<div id=\"pl-3122\"  class=\"panel-layout\" ><div id=\"pg-3122-0\"  class=\"panel-grid panel-no-style\" ><div id=\"pgc-3122-0-0\"  class=\"panel-grid-cell\" ><div id=\"panel-3122-0-0-0\" class=\"so-panel widget widget_sow-editor panel-first-child\" data-index=\"0\" ><div\n\t\t\t\n\t\t\tclass=\"so-widget-sow-editor so-widget-sow-editor-base\"\n\t\t\t\n\t\t><h3 class=\"widget-title text-\">Dean's Office<\/h3>\n<div class=\"siteorigin-widget-tinymce textwidget\">\n\t<table style=\"width: 74.3245%;\">\n<tbody>\n<tr>\n<td style=\"width: 57.1836%;\"><strong>Dean<\/strong><\/td>\n<td style=\"width: 118.303%;\"><a title=\"prof. Mgr.&nbsp;Zdena Kole\u010dkov\u00e1,&nbsp;Ph.D.\" href=\"https:\/\/fud.ujep.cz\/lide\/zdena-koleckova\/\">prof. Mgr.&nbsp;Zdena Kole\u010dkov\u00e1,&nbsp;Ph.D.<\/a><\/td>\n<\/tr>\n<tr>\n<td style=\"width: 57.1836%;\"><strong>Vice-Dean for Study<\/strong><\/td>\n<td style=\"width: 118.303%;\"><a href=\"https:\/\/fud.ujep.cz\/lide\/michaela-thelenova\/\">doc. Mgr. Michaela Thelenov\u00e1<\/a><\/td>\n<\/tr>\n<tr>\n<td style=\"width: 57.1836%;\"><strong>Vice-Dean for External Relations and Internationalization&nbsp;<\/strong><\/td>\n<td style=\"width: 118.303%;\"><a href=\"https:\/\/fud.ujep.cz\/lide\/david-korinek\/\">prof. Mgr. David Ko\u0159\u00ednek<\/a><\/td>\n<\/tr>\n<tr>\n<td style=\"width: 57.1836%;\"><strong>Vice-Dean for Development<\/strong><\/td>\n<td style=\"width: 118.303%;\"><a href=\"https:\/\/fud.ujep.cz\/lide\/ales-loziak\/\">MgA. Ale\u0161 Loziak, Ph.D.<\/a><\/td>\n<\/tr>\n<tr>\n<td style=\"width: 57.1836%;\"><strong>Vice-Dean for Science, Research and Creative Work<\/strong><\/td>\n<td style=\"width: 118.303%;\"><a href=\"https:\/\/fud.ujep.cz\/lide\/michal-kolecek\/\">prof. Mgr. Michal Kole\u010dek, Ph.D.<\/a><\/td>\n<\/tr>\n<\/tbody>\n<\/table>\n<\/div>\n<\/div><\/div><div id=\"panel-3122-0-0-1\" class=\"so-panel widget widget_sow-editor\" data-index=\"1\" ><div\n\t\t\t\n\t\t\tclass=\"so-widget-sow-editor so-widget-sow-editor-base\"\n\t\t\t\n\t\t><h3 class=\"widget-title text-\">Dean's Council<\/h3>\n<div class=\"siteorigin-widget-tinymce textwidget\">\n\t<p><a href=\"https:\/\/fud.ujep.cz\/en\/lide\/zdena-koleckova\/\">prof. Mgr. Zdena Kole\u010dkov\u00e1, Ph.D.<\/a>, Dean<br \/>\n<a href=\"https:\/\/fud.ujep.cz\/en\/lide\/michaela-thelenova\/\">doc. Mgr. Michaela Thelenov\u00e1<\/a>, Vice-Dean for Study<br \/>\n<a href=\"https:\/\/fud.ujep.cz\/en\/lide\/david-korinek\/\">doc. Mgr. David Ko\u0159\u00ednek<\/a>, Vice-Dean for External Relations and Internationalization<br \/>\n<a href=\"https:\/\/fud.ujep.cz\/en\/lide\/ales-loziak\/\">MgA. Ale\u0161 Loziak,<\/a> Vice-Dean for Development<br \/>\n<a href=\"https:\/\/fud.ujep.cz\/en\/lide\/michal-kolecek\/\">prof. Mgr. Michal Kole\u010dek, Ph.D.<\/a>, Vice-Dean for Science, Research and Creative Work<br \/>\n<a href=\"https:\/\/fud.ujep.cz\/en\/lide\/jan-c-lobl\/\">MgA. Jan C. L\u00f6bl, Ph.D.,<\/a> Head of Department of Design<br \/>\n<a href=\"https:\/\/fud.ujep.cz\/en\/lide\/zdenek-svejkovsky\/\">MgA. Zden\u011bk Svejkovsk\u00fd<\/a>, Head of Fine Arts<br \/>\n<a href=\"https:\/\/fud.ujep.cz\/en\/lide\/michaela-labudova\/\">MgA. Michaela Labudov\u00e1, Ph.D.<\/a>, Head of Visual Communication<br \/>\n<a href=\"https:\/\/fud.ujep.cz\/en\/lide\/adela-machova\/\">MgA. Ad\u00e9la Machov\u00e1, Ph.D.,<\/a> Head of Department of History and Theory of Arts<br \/>\n<a title=\"MgA.&nbsp;Lenka Kahuda Kloko\u010dkov\u00e1,&nbsp;MA, Ph.D.\" href=\"https:\/\/fud.ujep.cz\/lide\/lenka-kahuda-klokockova\/\">MgA.&nbsp;Lenka Kahuda Kloko\u010dkov\u00e1,&nbsp;MA, Ph.D.<\/a>, Head of General Preparation<br \/>\n<a title=\"PhDr.&nbsp;Lenka Hal\u00e1sov\u00e1\" href=\"https:\/\/fud.ujep.cz\/lide\/miroslav-matousek\/\">PhDr.&nbsp;Lenka Hal\u00e1sov\u00e1<\/a>, Faculty Secretary<\/p>\n<h4>Dean's Council Meetings Minutes<\/h4>\n<p><a href=\"https:\/\/fud.ujep.cz\/fakulta\/zapisy-ze-zasedani-kolegia-dekana\/\">Dean's Council Meeting Minutes<\/a><\/p>\n<\/div>\n<\/div><\/div><div id=\"panel-3122-0-0-2\" class=\"so-panel widget widget_siteorigin-panels-builder panel-last-child\" data-index=\"2\" ><div id=\"akademicky-senat-fud\" class=\"panel-widget-style panel-widget-style-for-3122-0-0-2\" ><div id=\"pl-w67a34fb9f24da\"  class=\"panel-layout\" ><div id=\"pg-w67a34fb9f24da-0\"  class=\"panel-grid panel-no-style\" ><div id=\"pgc-w67a34fb9f24da-0-0\"  class=\"panel-grid-cell\" ><div id=\"panel-w67a34fb9f24da-0-0-0\" class=\"so-panel widget widget_sow-editor panel-first-child panel-last-child\" data-index=\"0\" ><div\n\t\t\t\n\t\t\tclass=\"so-widget-sow-editor so-widget-sow-editor-base\"\n\t\t\t\n\t\t><h3 class=\"widget-title text-\">Academic Senate<\/h3>\n<div class=\"siteorigin-widget-tinymce textwidget\">\n\t<p>The Academic Senate of the Faculty is a&nbsp;self-governing representative body of the Faculty and consists of two chambers - employee and student. For more information see <a href=\"https:\/\/www.zakonyprolidi.cz\/cs\/1998-111#cast2\" target=\"_blank\" rel=\"noopener\">Z\u00e1kon o&nbsp;V\u0160<\/a>. Web page of AS FUD UJEP <a href=\"https:\/\/fud.ujep.cz\/fakulta\/akademicky-senat\/\" target=\"_blank\" rel=\"noopener\">HERE<\/a> and the current AS FUD UJEP is elected for the period 2025\u20132027.<\/p>\n<div class=\"d-flex flex-row justify-content-between\"><div class=\"col-md-6 col-xs-12 _1_2\"><\/p>\n<h4>Chamber of Academic Staff<\/h4>\n<ul>\n<li><a href=\"https:\/\/fud.ujep.cz\/lide\/adela-machova\/\" target=\"_blank\" rel=\"noopener\">MgA. Ad\u00e9la Machov\u00e1, Ph.D.<\/a> (Chair)<\/li>\n<li>MgA. Ji\u0159\u00ed Dvo\u0159\u00e1k<\/li>\n<li>MgA. Martin Krupa<\/li>\n<li>MgA. Jan C. L\u00f6bl, Ph.D.<\/li>\n<li>doc. PhDr. Tom\u00e1\u0161 Pavl\u00ed\u010dek, Ph.D.<\/li>\n<li>doc. Mgr. Anna Varteck\u00e1, Ph.D.<\/li>\n<\/ul>\n<p><\/div>\n<div class=\"col-md-6 col-xs-12 _2_2\"><\/p>\n<h4>Chamber of Students<\/h4>\n<ul>\n<li>Ing. arch. Ji\u0159\u00ed Philippe Janda (Vice-Chair)<\/li>\n<li>BcA. Karol\u00edna Hrubo\u0148ov\u00e1<\/li>\n<li>Jind\u0159i\u0161ka Milfaitov\u00e1<\/li>\n<li>BcA. Martin Pecha<\/li>\n<li>Ond\u0159ej Vasilov\u010d\u00edk<\/li>\n<\/ul>\n<p><\/div><\/div>\n<p><strong>The public regular meetings of Academic Senate FUD UJEP you find in the last meeting minutes of the AS FUD UJEP.<\/strong><\/p>\n<p>\u2192 <a href=\"https:\/\/drive.google.com\/drive\/folders\/1p1J6xe6V2HzCTm5r77BMd_LzvQIEekZk?usp=sharing\" target=\"_blank\" rel=\"noopener\">Materials for the next meeting of Academic Senate of FAD<\/a><\/p>\n<\/div>\n<\/div><\/div><\/div><\/div><div id=\"pg-w67a34fb9f24da-1\"  class=\"panel-grid panel-no-style\" ><div id=\"pgc-w67a34fb9f24da-1-0\"  class=\"panel-grid-cell\" ><div id=\"panel-w67a34fb9f24da-1-0-0\" class=\"so-panel widget widget_sow-editor panel-first-child panel-last-child\" data-index=\"1\" ><div\n\t\t\t\n\t\t\tclass=\"so-widget-sow-editor so-widget-sow-editor-base\"\n\t\t\t\n\t\t>\n<div class=\"siteorigin-widget-tinymce textwidget\">\n\t<h4>Academic Senate of FAD meetings minutes<\/h4>\n<p><a href=\"https:\/\/fud.ujep.cz\/fakulta\/zapisy-ze-zasedani-akademickeho-senatu-fud-ujep\/\">\u2192 Academic Senate of FAD meetings minutes<\/a><\/p>\n<\/div>\n<\/div><\/div><\/div><div id=\"pgc-w67a34fb9f24da-1-1\"  class=\"panel-grid-cell\" ><div id=\"panel-w67a34fb9f24da-1-1-0\" class=\"so-panel widget widget_sow-editor panel-first-child\" data-index=\"2\" ><div\n\t\t\t\n\t\t\tclass=\"so-widget-sow-editor so-widget-sow-editor-base\"\n\t\t\t\n\t\t>\n<div class=\"siteorigin-widget-tinymce textwidget\">\n\t<h4>Do you&nbsp; have any question for the Academic Senate of FAD?<\/h4>\n<\/div>\n<\/div><\/div><div id=\"panel-w67a34fb9f24da-1-1-1\" class=\"so-panel widget widget_sow-contact-form panel-last-child\" data-index=\"3\" ><div\n\t\t\t\n\t\t\tclass=\"so-widget-sow-contact-form so-widget-sow-contact-form-default-87e4c60c1313\"\n\t\t\t\n\t\t>\t<form\n\t\taction=\"\/en\/wp-json\/wp\/v2\/pages\/3122\"\n\t\tmethod=\"POST\"\n\t\tclass=\"sow-contact-form\"\n\t\tid=\"contact-form-43f9\"\n\t>\n\n\t\t\n\t\t\t\t\t<div class=\"sow-form-field sow-form-field-name\">\n\t\t\t\t<label class=\"sow-form-field-label-above\" for=\"sow-contact-form-field-your-name-1\">\n\t\t\t\t<strong>\n\t\t\t\t\tYour name\t\t\t\t\t\t\t\t\t<\/strong>\n\t\t\t<\/label>\n\t\t\t\t\t\t\t<div class=\"sow-field-container\">\n\t\t\t\t\t\t\t<input\n\t\t\ttype=\"text\"\n\t\t\tname=\"your-name-1\"\n\t\t\tid=\"sow-contact-form-field-your-name-1\"\n\t\t\tvalue=\"\"\n\t\t\tclass=\"sow-text-field\"\n\t\t\t\t\t\t\t\t\/>\n\t\t\t\t\t\t<\/div>\n\t\t\t\t\t\t\t<\/div>\n\t\t\t\t\t\t<div class=\"sow-form-field sow-form-field-email\">\n\t\t\t\t<label class=\"sow-form-field-label-above\" for=\"sow-contact-form-field-e-mail-1\">\n\t\t\t\t<strong>\n\t\t\t\t\tE-mail\t\t\t\t\t\t\t\t\t<\/strong>\n\t\t\t<\/label>\n\t\t\t\t\t\t\t<div class=\"sow-field-container\">\n\t\t\t\t\t\t\t<input\n\t\t\ttype=\"email\"\n\t\t\tname=\"e-mail-1\"\n\t\t\tid=\"sow-contact-form-field-e-mail-1\"\n\t\t\tvalue=\"\"\n\t\t\tclass=\"sow-text-field\"\t\t\t\t\t\t\t\t\/>\n\t\t\t\t\t\t<\/div>\n\t\t\t\t\t\t\t<\/div>\n\t\t\t\t\t\t<div class=\"sow-form-field sow-form-field-textarea\">\n\t\t\t\t<label class=\"sow-form-field-label-above\" for=\"sow-contact-form-field-question-message-1\">\n\t\t\t\t<strong>\n\t\t\t\t\tQuestion \/ Message\t\t\t\t\t\t\t\t\t<\/strong>\n\t\t\t<\/label>\n\t\t\t\t\t\t\t<div class=\"sow-field-container\">\n\t\t\t\t\t\t\t<textarea\n\t\t\tname=\"question-message-1\"\n\t\t\tid=\"sow-contact-form-field-question-message-1\"\n\t\t\trows=\"10\"\n\t\t\t\t\t\t\t\t><\/textarea>\n\t\t\t\t\t\t<\/div>\n\t\t\t\t\t\t\t<\/div>\n\t\t\t\n\t\t\t\t\t<div class=\"sow-recaptcha\"\n\t\t\t\t\t\t\t\t\tdata-config=\"{&quot;sitekey&quot;:&quot;6LeD4KEUAAAAAGiN5V3RBakC9hw2GUyAHMr5E89X&quot;,&quot;theme&quot;:&quot;light&quot;,&quot;type&quot;:&quot;image&quot;,&quot;size&quot;:&quot;normal&quot;}\"\n\t\t\t\t\t\t\t><\/div>\n\t\t\t\n\t\t<div class=\"sow-submit-wrapper \n\t\t\t\t\">\n\n\t\t\t<button\n\t\t\t\ttype=\"submit\"\n\t\t\t\tclass=\"sow-submit\n\t\t\t\t\t\t\t\t\"\n\t\t\t\t\t\t\t>\n\t\t\t\tSend\t\t\t<\/button>\n\t\t<\/div>\n\t\t\t\t<input\n\t\t\ttype=\"hidden\"\n\t\t\tname=\"instance_hash-1\"\n\t\t\tvalue=\"43f96479\"\n\t\t\/>\n\n\t\t<input type=\"hidden\" id=\"_wpnonce\" name=\"_wpnonce\" value=\"ea646f1b8c\" \/><input type=\"hidden\" name=\"_wp_http_referer\" value=\"\/en\/wp-json\/wp\/v2\/pages\/3122\" \/>\t<\/form>\n\t<\/div><\/div><\/div><\/div><\/div><\/div><\/div><\/div><div id=\"pgc-3122-0-1\"  class=\"panel-grid-cell\" ><div id=\"panel-3122-0-1-0\" class=\"so-panel widget widget_sow-editor panel-first-child\" data-index=\"3\" ><div id=\"umelecka-rada\" class=\"panel-widget-style panel-widget-style-for-3122-0-1-0\" ><div\n\t\t\t\n\t\t\tclass=\"so-widget-sow-editor so-widget-sow-editor-base\"\n\t\t\t\n\t\t><h3 class=\"widget-title text-\">Artistic Council<\/h3>\n<div class=\"siteorigin-widget-tinymce textwidget\">\n\t<p><strong>External Members of FUD UJEP Artistic Council<br \/>\n<\/strong>prof. Mgr. A. Petr Bab\u00e1k \u2013 Head of Graphic Design and New Media Studio at UMPRUM in Prague<br \/>\ndoc. Mgr. Bohunka Koklesov\u00e1, PhD. \u2013 Rector at V\u0160VU in Bratislava<br \/>\nprof. Mgr. akad. mal. Ji\u0159\u00ed \u010cernick\u00fd \u2013 Head of Fine Arts II Studio (Painting) at UMPRUM in Prague<br \/>\ndoc. Mgr. Richard Fajnor \u2013 Lecturer at Composition and Multimedial Creation Department at JAMU Faculty of Music in Brno<br \/>\nprof. Mgr. A. Lenka Klodov\u00e1, Ph.D. \u2013 Head of Body Design Studio at FAVU VUT in Brno&nbsp;<br \/>\nprof. PhDr. Zdeno Koles\u00e1r, PhD. \u2013 Lecturer at the Department of Theory and History of Art at V\u0160VU in Bratislava<br \/>\ndoc. PhDr. Pavl\u00edna Morganov\u00e1, PhD. \u2013 Head of Academic Research Centre at AVU in Prague<br \/>\nMgr. Michal Novotn\u00fd \u2013 Head of Collection of Modern and Contemporary Art at NP in Prague&nbsp;<br \/>\nprof. MgA. Petr Stanick\u00fd, M.F.A. \u2013 Head of Glass Design Studio at FMK UTB in Zl\u00edn<br \/>\ndoc. M. A. Jan Stol\u00edn \u2013 Dean of FUA TUL Liberec<\/p>\n<p><strong>Internal Members of FUD UJEP Artistic Council<\/strong><br \/>\ndoc. Mgr. Kate\u0159ina Dytrtov\u00e1, Ph.D. \u2013 Lecturer at History and Theory of Arts at FUD UJEP&nbsp;<br \/>\nprof. Akad. arch. Jan Fi\u0161er \u2013 Lecturer at FUD UJEP, Lecturer at Department of Design at FA&nbsp;\u010cVUT<br \/>\nprof. Mgr. Michal Kole\u010dek, Ph.D. \u2013 Vice-Dean for Creative Work, Chairman of Subject Area Board of doctoral programme in Visual Communication at FUD UJEP<br \/>\nprof. Mgr. Zdena Kole\u010dkov\u00e1, Ph.D. \u2013 Dean of FUD UJEP<br \/>\ndoc. RNDr. Jaroslav Koutsk\u00fd, Ph.D. \u2013 Rector of UJEP<br \/>\ndoc. Mgr. David Ko\u0159\u00ednek \u2013 Vice-Dean for External Relations at FUD UJEP<br \/>\ndoc. Ji\u0159\u00ed Kovanda \u2013 Head of Object - Space - Action at FUD UJEP&nbsp;<br \/>\nMgA. Michaela Labudov\u00e1, Ph.D. \u2013 Head of Department of Visual Communication at FUD UJEP<br \/>\nMgA. Jan C. L\u00f6bl, Ph.D. \u2013 Head of Department of Design at FUD UJEP<br \/>\ndoc. Mgr. A. Pavel Mrkus \u2013 Head of Department of Time-Based Media at FUD UJEP<br \/>\ndoc. PhDr. Tom\u00e1\u0161 Pavl\u00ed\u010dek, Ph.D. \u2013 Lecturer at Department of History and Theory of Arts at FUD UJEP<br \/>\nprof. ak. arch. Ji\u0159\u00ed Pelcl \u2013 Head of Interior Design Studio at FUD UJEP<br \/>\nprof. ak. mal. Jaroslav Pr\u00e1\u0161il \u2013 Lecturer at FUD UJEP, member of Subject-Area Board of doctoral programme in Visual Communication at FUD UJEP<br \/>\ndoc. ak. mal. Michal Slej\u0161ka \u2013 Head of Graphic Design II Studio at FUD UJEP<br \/>\nMgA. Zden\u011bk Svejkovsk\u00fd, Ph.D. \u2013 Head of Department of Fine Art at FUD UJEP<br \/>\ndoc. Mgr. Michaela Thelenov\u00e1 \u2013 Vice-Dean for Study at FUD UJEP<br \/>\ndoc. MgA. Anton\u00edn Tom\u00e1\u0161ek \u2013 Head of Ceramic Design Studio at FUD UJEP<br \/>\ndoc. Mgr. Anna Varteck\u00e1, Ph.D. \u2013 Lecturer at Department of History and Theory of Arts at FUD UJEP<br \/>\ndoc. MgA. Robert Vlas\u00e1k \u2013 Head of Natural Materials Studio at FUD UJEP<\/p>\n<p>&nbsp;<\/p>\n<\/div>\n<\/div><\/div><\/div><div id=\"panel-3122-0-1-1\" class=\"so-panel widget widget_sow-editor\" data-index=\"4\" ><div\n\t\t\t\n\t\t\tclass=\"so-widget-sow-editor so-widget-sow-editor-base\"\n\t\t\t\n\t\t><h3 class=\"widget-title text-\">Subject-Area Board - Study Programme Visual Communication<\/h3>\n<div class=\"siteorigin-widget-tinymce textwidget\">\n\t<div class=\"d-flex flex-row justify-content-between\"><div class=\"col-md-6 col-xs-12 _1_2\"><\/p>\n<h4>Internal Members of the Subject-Area Board of FAD<\/h4>\n<p>doc. Mgr. Kate\u0159ina Dytrtov\u00e1, Ph.D.<br \/>\nprof. Mgr. David Ko\u0159\u00ednek<br \/>\nprof. ak. arch. Jan Fi\u0161er<br \/>\ndoc. Mgr. A. Daniel Hanzl\u00edk<br \/>\nprof. Mgr. Michal Kole\u010dek, Ph.D.<br \/>\nprof. Mgr. Zdena Kole\u010dkov\u00e1, Ph.D.<br \/>\ndoc. Mgr. A. Pavel Kop\u0159iva, Ph.D.<br \/>\nprof. Mgr. Milo\u0161 Mich\u00e1lek<br \/>\ndoc. Mgr. A. Pavel Mrkus<br \/>\ndoc. Mgr. Martin Nitsche, Ph.D.<br \/>\ndoc. PhDr. Tom\u00e1\u0161 Pavl\u00ed\u010dek, Ph.D.<br \/>\nprof. ak. mal. Jaroslav Pr\u00e1\u0161il<br \/>\ndoc. ak. mal. Michal Slej\u0161ka<br \/>\ndoc. Mgr. Michaela Thelenov\u00e1<br \/>\ndoc. MgA. Anton\u00edn Tom\u00e1\u0161ek<br \/>\ndoc. Mgr. Anna Varteck\u00e1, Ph.D.<br \/>\ndoc. MgA. Robert Vlas\u00e1k<\/p>\n<p><\/div>\n<div class=\"col-md-6 col-xs-12 _2_2\"><\/p>\n<h4>External Members of the Subject-Area Board of FAD<\/h4>\n<p>doc. ak. soch. Alexius Appl<br \/>\ndoc. Mgr. Richard Fajnor<br \/>\nprof. PhDr. Zdeno Koles\u00e1r, PhD.<br \/>\nprof. Mgr.A. Pavel Noga, ArtD.<br \/>\ndoc. MgA. Alexandra Vajd<\/p>\n<p><\/div><\/div>\n<\/div>\n<\/div><\/div><div id=\"panel-3122-0-1-2\" class=\"so-panel widget widget_sow-editor panel-last-child\" data-index=\"5\" ><div id=\"oborova-rada\" class=\"panel-widget-style panel-widget-style-for-3122-0-1-2\" ><div\n\t\t\t\n\t\t\tclass=\"so-widget-sow-editor so-widget-sow-editor-base\"\n\t\t\t\n\t\t><h3 class=\"widget-title text-\">Subject-Area Board - Study Programme Fine Art - Course Visual Communication<\/h3>\n<div class=\"siteorigin-widget-tinymce textwidget\">\n\t<div class=\"d-flex flex-row justify-content-between\"><div class=\"col-md-6 col-xs-12 _1_2\"><\/p>\n<h4>Internal Members of the Subject-Area Board of FAD<\/h4>\n<p>doc. Mgr. Kate\u0159ina Dytrtov\u00e1, Ph.D.<br \/>\nprof. ak. arch. Jan Fi\u0161er<br \/>\ndoc. Mgr. A. Daniel Hanzl\u00edk<br \/>\nprof. Mgr. Michal Kole\u010dek, Ph.D.<br \/>\nprof. Mgr. Zdena Kole\u010dkov\u00e1, Ph.D.<br \/>\ndoc. Mgr. A. Pavel Kop\u0159iva, Ph.D.<br \/>\nprof. Mgr. Milo\u0161 Mich\u00e1lek<br \/>\ndoc. Mgr. A. Pavel Mrkus<br \/>\ndoc. PhDr. Tom\u00e1\u0161 Pavl\u00ed\u010dek, Ph.D.<br \/>\nprof. ak. mal. Jaroslav Pr\u00e1\u0161il<br \/>\ndoc. ak. mal. Michal Slej\u0161ka<br \/>\ndoc. Mgr. Michaela Thelenov\u00e1<br \/>\ndoc. MgA. Robert Vlas\u00e1k<\/p>\n<p><\/div>\n<div class=\"col-md-6 col-xs-12 _2_2\"><\/p>\n<h4>External Members of the Subject-Area Board of FAD<\/h4>\n<p>doc. ak. soch. Alexius Appl<br \/>\ndoc. Mgr. Richard Fajnor<br \/>\nprof. Mgr.A. Pavel Noga, ArtD.<br \/>\ndoc. MgA. Alexandra Vajd<br \/>\ndoc. MgA. Jan Z\u00e1le\u0161\u00e1k, Ph.D.<\/p>\n<p><\/div><\/div>\n<\/div>\n<\/div><\/div><\/div><\/div><\/div><\/div>","protected":false},"excerpt":{"rendered":"<p>Dean prof. Mgr.&nbsp;Zdena Kole\u010dkov\u00e1,&nbsp;Ph.D. Vice-Dean for Study doc. Mgr. Michaela Thelenov\u00e1 Vice-Dean for External Relations and Internationalization&nbsp; prof. Mgr. David Ko\u0159\u00ednek Vice-Dean for Development MgA. Ale\u0161 Loziak, Ph.D. Vice-Dean for Science, Research and Creative Work prof. Mgr. Michal Kole\u010dek, Ph.D. prof. Mgr. Zdena Kole\u010dkov\u00e1, Ph.D., Dean doc. Mgr. Michaela Thelenov\u00e1, Vice-Dean for Study doc. Mgr. [&hellip;]<\/p>\n","protected":false},"author":1,"featured_media":0,"parent":3112,"menu_order":0,"comment_status":"closed","ping_status":"closed","template":"","meta":{"_acf_changed":false,"ngg_post_thumbnail":0,"footnotes":""},"class_list":["post-3122","page","type-page","status-publish","hentry"],"acf":[],"_links":{"self":[{"href":"https:\/\/fud.ujep.cz\/en\/wp-json\/wp\/v2\/pages\/3122","targetHints":{"allow":["GET"]}}],"collection":[{"href":"https:\/\/fud.ujep.cz\/en\/wp-json\/wp\/v2\/pages"}],"about":[{"href":"https:\/\/fud.ujep.cz\/en\/wp-json\/wp\/v2\/types\/page"}],"author":[{"embeddable":true,"href":"https:\/\/fud.ujep.cz\/en\/wp-json\/wp\/v2\/users\/1"}],"replies":[{"embeddable":true,"href":"https:\/\/fud.ujep.cz\/en\/wp-json\/wp\/v2\/comments?post=3122"}],"version-history":[{"count":0,"href":"https:\/\/fud.ujep.cz\/en\/wp-json\/wp\/v2\/pages\/3122\/revisions"}],"up":[{"embeddable":true,"href":"https:\/\/fud.ujep.cz\/en\/wp-json\/wp\/v2\/pages\/3112"}],"wp:attachment":[{"href":"https:\/\/fud.ujep.cz\/en\/wp-json\/wp\/v2\/media?parent=3122"}],"curies":[{"name":"wp","href":"https:\/\/api.w.org\/{rel}","templated":true}]}}