{"id":3129,"date":"2022-09-12T12:45:06","date_gmt":"2022-09-12T11:45:06","guid":{"rendered":"https:\/\/fud.ujep.cz\/sites\/digitalni-media\/?post_type=student&#038;p=3129"},"modified":"2025-09-04T15:11:50","modified_gmt":"2025-09-04T14:11:50","slug":"polina-vereikina","status":"publish","type":"student","link":"https:\/\/fud.ujep.cz\/sites\/digitalni-media\/student\/polina-vereikina\/","title":{"rendered":"Polina Vereikina"},"content":{"rendered":"<p><a href=\"mailto:artofpalina@gmail.com\">artofpalina@gmail.com<\/a><\/p>\n<p> <p><iframe loading=\"lazy\" src=\"https:\/\/player.vimeo.com\/video\/868455042?title=0&amp;byline=0&amp;portrait=0\" width=\"500\" height=\"284\" frameborder=\"0\" webkitAllowFullScreen mozallowfullscreen allowFullScreen><\/iframe><\/iframe><\/p> <\/p>\n<p>Pokus (2023). Ve sv\u00e9 pr\u00e1ci jsem se pokusila vytvo\u0159it dokumentaci my\u0161lenkov\u00e9ho procesu p\u0159i tvorb\u011b d\u00edla, proto\u017ee p\u0159edchoz\u00ed n\u00e1pad m\u011b zavedl do slep\u00e9 uli\u010dky p\u0159i pokusu o vytvo\u0159en\u00ed n\u011b\u010deho z ni\u010deho. Proto jsem tentokr\u00e1t zkusila naslouchat sama sob\u011b a zamyslet se nad up\u0159\u00edmnost\u00ed a otev\u0159enost\u00ed v\u016f\u010di sob\u011b. Provedla jsem &#8220;v\u00fdzkum&#8221; s um\u011blou inteligenc\u00ed, proto\u017ee si mysl\u00edm, \u017ee je to &#8220;pr\u016fm\u011br&#8221; v\u0161ech n\u00e1zor\u016f, kter\u00e9 byly kdy vyj\u00e1d\u0159eny na internetu. Um\u011bl\u00e1 inteligence vyj\u00e1d\u0159ila m\u00e9 my\u0161lenky o up\u0159\u00edmnosti v okam\u017eic\u00edch, kdy se zd\u00e1, \u017ee u\u017e v\u0161echno bylo vytvo\u0159eno, nebo naopak, je p\u0159\u00edli\u0161 mnoho my\u0161lenek a je obt\u00ed\u017en\u00e9 se k n\u011b\u010demu pustit. Monolog um\u011bl\u00e9 inteligence zazn\u00edv\u00e1 ve videu z perspektivy sou\u010dasn\u00e9ho um\u011blce. <br \/>\nVizu\u00e1ln\u00ed sou\u010d\u00e1st\u00ed pr\u00e1ce jsou procesy \u201ckouk\u00e1n\u00ed do blba\u201d na okoln\u00ed p\u0159edm\u011bty, jako n\u00e1stroj my\u0161lenkov\u00e9ho procesu, proto\u017ee mozek je p\u0159i t\u00e9to \u010dinnosti schopen generovat n\u00e1pady. Zam\u011b\u0159ila jsem se na sv\u011bt kolem sebe, sna\u017eila jsem se zachytit to, na \u010dem spo\u010dinul m\u016fj pohled. V\u00fdsledek jsem um\u00edstila do po\u010d\u00edta\u010de, proto\u017ee je pro m\u011b stejn\u00fdm n\u00e1strojem tvorby a kreativity. V\u0161imla jsem si, \u017ee ka\u017edou p\u016flhodinu se d\u00edv\u00e1m do rohu po\u010d\u00edta\u010de, na ub\u00edhaj\u00edc\u00ed \u010das. N\u011bkdy se ocit\u00e1m pod tlakem. B\u011bhem tvorby jsem dostala ot\u00e1zku od kamar\u00e1da: \u201cTak co ta tvoje klauzura?\u201d Pot\u00e9 jsem se v\u00e1\u017en\u011b zamyslela: &#8220;Co ta moje klauzura?\u201d\u2026<br \/>\nZaj\u00edmav\u00e9 je, \u017ee m\u00e9 my\u0161lenky se odr\u00e1\u017eely v monologu um\u011bl\u00e9 inteligence. A\u010dkoli jsem se s n\u011bkter\u00fdmi jej\u00ed v\u00fdroky neshodovala, ponechala jsem je beze zm\u011bn. Zd\u00e1 se, \u017ee uspokojiv\u00fd v\u00fdsledek spo\u010d\u00edv\u00e1 v d\u011bl\u00e1n\u00ed toho, co si p\u0159eji, s pochopen\u00edm sebe sama a nejl\u00e9pe okam\u017eit\u011b. Proto jsem se sna\u017eila neocitnout v situaci, kdy m\u00e1m m\u00e1lo \u010dasu za\u010d\u00edn\u00e1m c\u00edtit stres. Hledala jsem svoji pravdu a sna\u017eila se ji aplikovat v praxi. Touto prac\u00ed jsem zachytila sv\u00e1 hled\u00e1n\u00ed a pokusy.<\/p>\n<p> <p><iframe loading=\"lazy\" src=\"https:\/\/player.vimeo.com\/video\/799466979?title=0&amp;byline=0&amp;portrait=0\" width=\"500\" height=\"284\" frameborder=\"0\" webkitAllowFullScreen mozallowfullscreen allowFullScreen><\/iframe><\/iframe><\/p> <\/p>\n<p>\u010cas (2023). V pr\u00e1ci jsem se zam\u011b\u0159ila na abstraktn\u00ed t\u00e9ma \u010casu. Lid\u00e9 se n\u011bkdy soust\u0159ed\u00ed na po\u010d\u00edt\u00e1n\u00ed n\u011b\u010deho, co jim chyb\u00ed, zat\u00edmco jin\u00ed naopak existuj\u00ed v dan\u00e9m okam\u017eiku a v\u011bci moc ne\u0159e\u0161\u00ed. Kdo je du\u0161evn\u011b zdrav\u011bj\u0161\u00ed? Kdo je bohat\u0161\u00ed? A kdo je \u0161\u0165astn\u011bj\u0161\u00ed a klidn\u011bj\u0161\u00ed?<br \/>\nPeriodick\u00e9 debaty na podobn\u00e9 t\u00e9ma neznamenaj\u00ed, \u017ee existuje jedin\u00e1 spr\u00e1vn\u00e1 odpov\u011b\u010f. \u010casto je v\u00fdsledkem takov\u00fdch rozhovor\u016f v\u00fdm\u011bna n\u00e1zor\u016f a zku\u0161enost\u00ed, co\u017e nen\u00ed nikdy \u0161patn\u00e9 a nen\u00ed to podle m\u011b ztr\u00e1ta \u010dasu. Vlastn\u011b to je to, co jsem cht\u011bla ve sv\u00e9 pr\u00e1ci uk\u00e1zat, \u017ee n\u011bkdy tyto na\u0161e n\u00e1zory vytv\u00e1\u0159ej\u00ed velmi vyv\u00e1\u017een\u00fd pohled na \u017eivot.<\/p>\n<p>&nbsp;<\/p>\nngg_shortcode_0_placeholder\n","protected":false},"excerpt":{"rendered":"<p>artofpalina@gmail.com Pokus (2023). Ve sv\u00e9 pr\u00e1ci jsem se pokusila vytvo\u0159it dokumentaci my\u0161lenkov\u00e9ho procesu p\u0159i tvorb\u011b d\u00edla, proto\u017ee p\u0159edchoz\u00ed n\u00e1pad m\u011b zavedl do slep\u00e9 uli\u010dky p\u0159i pokusu o vytvo\u0159en\u00ed n\u011b\u010deho z ni\u010deho. Proto jsem tentokr\u00e1t zkusila naslouchat sama sob\u011b a zamyslet se nad up\u0159\u00edmnost\u00ed a otev\u0159enost\u00ed v\u016f\u010di sob\u011b. Provedla jsem &#8220;v\u00fdzkum&#8221; s um\u011blou inteligenc\u00ed, proto\u017ee si [&hellip;]<\/p>\n","protected":false},"featured_media":0,"template":"","meta":{"_acf_changed":false,"ngg_post_thumbnail":0},"rocnik":[13],"class_list":["post-3129","student","type-student","status-publish","hentry","rocnik-4-rocnik-bakalari"],"acf":[],"_links":{"self":[{"href":"https:\/\/fud.ujep.cz\/sites\/digitalni-media\/wp-json\/wp\/v2\/student\/3129","targetHints":{"allow":["GET"]}}],"collection":[{"href":"https:\/\/fud.ujep.cz\/sites\/digitalni-media\/wp-json\/wp\/v2\/student"}],"about":[{"href":"https:\/\/fud.ujep.cz\/sites\/digitalni-media\/wp-json\/wp\/v2\/types\/student"}],"wp:attachment":[{"href":"https:\/\/fud.ujep.cz\/sites\/digitalni-media\/wp-json\/wp\/v2\/media?parent=3129"}],"wp:term":[{"taxonomy":"rocnik","embeddable":true,"href":"https:\/\/fud.ujep.cz\/sites\/digitalni-media\/wp-json\/wp\/v2\/rocnik?post=3129"}],"curies":[{"name":"wp","href":"https:\/\/api.w.org\/{rel}","templated":true}]}}