{"id":3296,"date":"2023-09-26T22:15:07","date_gmt":"2023-09-26T21:15:07","guid":{"rendered":"https:\/\/fud.ujep.cz\/sites\/digitalni-media\/?post_type=student&#038;p=3296"},"modified":"2025-09-04T15:10:59","modified_gmt":"2025-09-04T14:10:59","slug":"lucie-mikesova","status":"publish","type":"student","link":"https:\/\/fud.ujep.cz\/sites\/digitalni-media\/student\/lucie-mikesova\/","title":{"rendered":"Lucie Mike\u0161ov\u00e1"},"content":{"rendered":"<p><a href=\"mailto:mikesova.lucie2004@gmail.com\">mikesova.lucie2004@gmail.com<\/a><\/p>\n<p><a href=\"https:\/\/fud.ujep.cz\/sites\/digitalni-media\/wp-content\/uploads\/2025\/02\/knizka-ja-lisejnikem.pdf\" target=\"_blank\" rel=\"noopener\">J\u00e1 li\u0161ejn\u00edkem<\/a>, autorsk\u00e1 kniha (2025)<\/p>\n<p>Kniha zkoum\u00e1 li\u0161ejn\u00edk jako metaforu \u010dasu a pomal\u00e9ho byt\u00ed v kontrastu s usp\u011bchanou dobou, kde se v\u00fdkon a produktivita staly m\u011b\u0159\u00edtkem hodnoty. Li\u0161ejn\u00edk neroste rychle, nepl\u00e1nuje, nesna\u017e\u00ed se. Prost\u011b existuje. Prost\u0159ednictv\u00edm text\u016f a fotografi\u00ed zachycuje nen\u00e1padnou, ale vytrvalou p\u0159\u00edtomnost li\u0161ejn\u00edk\u016f a klade ot\u00e1zku: co by se stalo, kdybychom zpomalili natolik, \u017ee bychom p\u0159estali po\u010d\u00edtat dny, nehledali c\u00edle a\u00a0m\u00edsto neust\u00e1l\u00e9ho pohybu prost\u011b splynuli se sv\u011btem kolem sebe? Kniha nab\u00edz\u00ed nejen \u00favahu nad zpomalen\u00edm, ale i praktick\u00fd n\u00e1vod, jak se st\u00e1t li\u0161ejn\u00edkem, jak se zastavit, spl\u00fdvat s okol\u00edm a existovat mimo tlak \u010dasu.<\/p>\n<p>&nbsp;<\/p>\n<p><a href=\"https:\/\/fud.ujep.cz\/sites\/digitalni-media\/wp-content\/uploads\/2025\/08\/frame.pdf\" target=\"_blank\" rel=\"noopener\">Frame<\/a>, autorsk\u00e1 kniha (2025)<\/p>\n<p>\u201eFrame\u201c zkoum\u00e1 vztah mezi obrazem, \u010dasem a opakov\u00e1n\u00edm. S\u00e9rie vznik\u00e1 jako gesto z\u00e1m\u011brn\u00e9ho n\u00e1vratu k jedin\u00e9 kompozici, jednomu v\u00fdhledu, jednomu r\u00e1mu. Ka\u017ed\u00fd sn\u00edmek je fragmentem \u010dasu, kter\u00fd p\u016fsob\u00ed st\u00e1le stejn\u011b, a p\u0159esto nen\u00e1vratn\u011b miz\u00ed. Opakov\u00e1n\u00ed se st\u00e1v\u00e1 metodou pozorov\u00e1n\u00ed, ale z\u00e1rove\u0148 i projevem vnit\u0159n\u00edho zacyklen\u00ed. Publikace ve form\u011b den\u00edku zachycuje jeden statick\u00fd pohled na krajinu skrze okno, motiv, kter\u00fd se b\u011bhem dn\u016f prom\u011b\u0148uje jen nepatrn\u011b, a p\u0159esto nikdy nez\u016fst\u00e1v\u00e1 zcela stejn\u00fd. N\u00e1zev \u201eFrame\u201c z\u00e1rove\u0148 odkazuje ke zkratce <em>fps<\/em> (frames per second), tedy po\u010dtu sn\u00edmk\u016f za vte\u0159inu, \u010d\u00edm\u017e tematizuje tok \u010dasu i samotnou podstatu m\u00e9dia fotografie. Okno se zde st\u00e1v\u00e1 symbolem hranice mezi vn\u011bj\u0161\u00edm a vnit\u0159n\u00edm sv\u011btem, mezi realitou a projekc\u00ed. Je to v\u00fdjev, kter\u00fd v\u00edd\u00e1m jako prvn\u00ed po probuzen\u00ed a jako posledn\u00ed p\u0159ed usnut\u00edm. B\u011bhem dne se prom\u011b\u0148uje sv\u011btlo, n\u011bkdy se objev\u00ed st\u00edn, ale r\u00e1m z\u016fst\u00e1v\u00e1. Stejn\u011b jako pocit, \u017ee dny spl\u00fdvaj\u00ed a j\u00e1 se neh\u00fdbu z m\u00edsta. Fotografie jsou ti\u0161t\u011bny na pr\u016fhledn\u00fd pauzovac\u00ed pap\u00edr a vrstveny p\u0159es sebe na stejn\u00e9m m\u00edst\u011b, \u010d\u00edm\u017e vznik\u00e1 efekt pohybliv\u00e9ho filmu. Pr\u016fsvitnost a p\u0159ekr\u00fdv\u00e1n\u00ed jednotliv\u00fdch sn\u00edmk\u016f p\u0159in\u00e1\u0161\u00ed do statick\u00e9ho z\u00e1znamu jemn\u00fd pohyb, vizu\u00e1ln\u00ed ozv\u011bnu \u010dasu, kter\u00fd neust\u00e1le plyne, ale z\u00e1rove\u0148 se navrac\u00ed. Obrazy jednotliv\u00fdch dn\u00ed se skl\u00e1daj\u00ed do jednoho plynul\u00e9ho celku, kter\u00fd p\u0159ipom\u00edn\u00e1 filmov\u00fd p\u00e1s zaznamen\u00e1vaj\u00edc\u00ed pomal\u00fd, nepost\u0159ehnuteln\u00fd pohyb \u010dasu.<\/p>\n<p>&nbsp;<\/p>\n<p> <p><iframe loading=\"lazy\" src=\"https:\/\/player.vimeo.com\/video\/924127159?title=0&amp;byline=0&amp;portrait=0\" width=\"500\" height=\"284\" frameborder=\"0\" webkitAllowFullScreen mozallowfullscreen allowFullScreen><\/iframe><\/iframe><\/p> <\/p>\n<p>Z balkonu (2024). Klauzurn\u00ed pr\u00e1ce s n\u00e1zvem \u201eZ balkonu&#8221; je audiovizu\u00e1ln\u00ed skladbou, kter\u00e1 zobrazuje zku\u0161enost \u201ecizince&#8221; p\u0159izp\u016fsobuj\u00edc\u00edho se nov\u00e9mu prost\u0159ed\u00ed. Pr\u00e1ce stav\u00ed na osobn\u00edm pozorov\u00e1n\u00ed a mapov\u00e1n\u00ed nov\u00e9ho prostoru. Z\u00e1m\u011brem pr\u00e1ce bylo div\u00e1k\u016fm p\u0159edstavit jeho dokumentaci, proces zm\u011bny, pozorov\u00e1n\u00ed a zkoum\u00e1n\u00ed nov\u00e9ho prost\u0159ed\u00ed. Skrze minimalistick\u00e9, poetick\u00e9 a a\u017e abstraktn\u00ed z\u00e1b\u011bry jsem se sna\u017eila zachytit atmosf\u00e9ru a m\u00edsta v pr\u016fb\u011bhu cel\u00e9ho dne, od klidn\u00fdch a mlhav\u00fdch rann\u00edch z\u00e1b\u011br\u016f, p\u0159es ru\u0161n\u00e9 a hlu\u010dn\u00e9 denn\u00ed z\u00e1b\u011bry, a\u017e po no\u010dn\u00ed z\u00e1b\u011bry pln\u00e9 sv\u011btel a klidu. Sn\u00edmek je po\u0159\u00edzen &#8220;z ruky&#8221;, tak abychom nezapomn\u011bli na lidskou p\u0159\u00edtomnost a samotn\u00e9ho autora. K pr\u00e1ci jsem p\u0159istupovala jako k v\u00fdpov\u011bdi sv\u00e9ho osobn\u00edho n\u00e1zoru a sna\u017eila jsem se zvolit kompozici tak, aby co nejv\u00edce odpov\u00eddala m\u00e9mu z\u00e1m\u011bru. \u010cern\u00e9 pomlky ve videu slou\u017e\u00ed k odleh\u010den\u00ed obrazov\u00e9 skladby, kter\u00e9 z\u00e1rove\u0148 podporuj\u00ed atmosf\u00e9ru prost\u0159ed\u00ed. P\u0159i nat\u00e1\u010den\u00ed z\u00e1b\u011br\u016f jsem se zam\u011b\u0159ila i na detaily, kter\u00e9 pova\u017euji za d\u016fle\u017eit\u00e9. Velk\u00fd v\u00fdznam sehr\u00e1v\u00e1 fakt, \u017ee v\u0161echny z\u00e1b\u011bry byly po\u0159\u00edzeny z jedin\u00e9ho m\u00edsta, a to z m\u00e9ho balkonu, odkud m\u00e1m v\u00fdborn\u00fd p\u0159ehled cel\u00e9ho okol\u00ed. Tento p\u0159\u00edstup by m\u011bl div\u00e1k\u016fm umo\u017enit l\u00e9pe se vc\u00edtit do moj\u00ed situace a nab\u00edz\u00ed mo\u017enost alespo\u0148 \u010d\u00e1ste\u010dn\u011b pro\u017e\u00edt mou zku\u0161enost.<\/p>\n<p>&nbsp;<\/p>\nngg_shortcode_0_placeholder\n<p>&nbsp;<\/p>\n<p><strong>Samostatn\u00e9 v\u00fdstavy:<br \/>\n<\/strong><\/p>\n<p><strong>2025 <\/strong>M\u011bsto na dotek, Galerie \u010cinoher\u00e1k, \u00dast\u00ed nad Labem<\/p>\n<p>&nbsp;<\/p>\n<p><strong>Spole\u010dn\u00e9 v\u00fdstavy, festivaly:<\/strong><\/p>\n<p><strong>2025 <\/strong>Kino Jelen\u00ed, Galerie Jelen\u00ed (Centrum pro sou\u010dasn\u00e9 um\u011bn\u00ed), Praha<strong><br \/>\n2024 <\/strong>Yes kino, Brno Art Week, Kino Art, Brno<\/p>\n","protected":false},"excerpt":{"rendered":"<p>mikesova.lucie2004@gmail.com J\u00e1 li\u0161ejn\u00edkem, autorsk\u00e1 kniha (2025) Kniha zkoum\u00e1 li\u0161ejn\u00edk jako metaforu \u010dasu a pomal\u00e9ho byt\u00ed v kontrastu s usp\u011bchanou dobou, kde se v\u00fdkon a produktivita staly m\u011b\u0159\u00edtkem hodnoty. Li\u0161ejn\u00edk neroste rychle, nepl\u00e1nuje, nesna\u017e\u00ed se. Prost\u011b existuje. Prost\u0159ednictv\u00edm text\u016f a fotografi\u00ed zachycuje nen\u00e1padnou, ale vytrvalou p\u0159\u00edtomnost li\u0161ejn\u00edk\u016f a klade ot\u00e1zku: co by se stalo, kdybychom zpomalili [&hellip;]<\/p>\n","protected":false},"featured_media":0,"template":"","meta":{"_acf_changed":false,"ngg_post_thumbnail":0},"rocnik":[12],"class_list":["post-3296","student","type-student","status-publish","hentry","rocnik-3-rocnik-bakalari"],"acf":[],"_links":{"self":[{"href":"https:\/\/fud.ujep.cz\/sites\/digitalni-media\/wp-json\/wp\/v2\/student\/3296","targetHints":{"allow":["GET"]}}],"collection":[{"href":"https:\/\/fud.ujep.cz\/sites\/digitalni-media\/wp-json\/wp\/v2\/student"}],"about":[{"href":"https:\/\/fud.ujep.cz\/sites\/digitalni-media\/wp-json\/wp\/v2\/types\/student"}],"wp:attachment":[{"href":"https:\/\/fud.ujep.cz\/sites\/digitalni-media\/wp-json\/wp\/v2\/media?parent=3296"}],"wp:term":[{"taxonomy":"rocnik","embeddable":true,"href":"https:\/\/fud.ujep.cz\/sites\/digitalni-media\/wp-json\/wp\/v2\/rocnik?post=3296"}],"curies":[{"name":"wp","href":"https:\/\/api.w.org\/{rel}","templated":true}]}}