{"id":45,"date":"2010-12-12T12:52:22","date_gmt":"2010-12-12T11:52:22","guid":{"rendered":"https:\/\/fud.ujep.cz\/sites\/digitalni-media\/?page_id=45"},"modified":"2022-01-19T23:56:30","modified_gmt":"2022-01-19T22:56:30","slug":"miroslav-hasek","status":"publish","type":"student","link":"https:\/\/fud.ujep.cz\/sites\/digitalni-media\/student\/miroslav-hasek\/","title":{"rendered":"Miroslav Ha\u0161ek (absolvent)"},"content":{"rendered":"<p><a href=\"mailto:hasek88@seznam.cz\">hasek88@seznam.cz<\/a><\/p>\n<p><a href=\"http:\/\/www.miroslavhasek.cz\/\">www.miroslavhasek.cz<\/a><\/p>\n<p>&nbsp;<\/p>\n<p><strong>T\u00e9ma diserta\u010dn\u00ed pr\u00e1ce (pr\u00e1ce obh\u00e1jena v roce 2017):<\/strong> Narativn\u00ed tendence v sou\u010dasn\u00e9m um\u011bn\u00ed<\/p>\n<p><strong>Anotace diserta\u010dn\u00ed pr\u00e1ce:<\/strong><\/p>\n<p>Diserta\u010dn\u00ed pr\u00e1ce se zab\u00fdv\u00e1 prom\u011bnou sou\u010dasn\u00e9 vizu\u00e1ln\u00ed kultury se z\u0159etelem k narativn\u00ed slo\u017ece um\u011bleck\u00e9ho d\u00edla. V\u0161\u00edm\u00e1 si vlivu sou\u010dasn\u00fdch m\u00e9di\u00ed a digit\u00e1ln\u00edch technologi\u00ed na v\u00fdtvarn\u00e9 um\u011bn\u00ed i vizu\u00e1ln\u00ed gramotnost obecn\u011b. Pr\u00e1ce reflektuje zp\u016fsoby vypr\u00e1v\u011bn\u00ed p\u0159\u00edb\u011bhu v\u00a0r\u016fzn\u00fdch oblastech v\u00fdtvarn\u00e9ho um\u011bn\u00ed (malba, fotografie, film a video). Teoretick\u00e9 poznatky pak slou\u017e\u00ed jako v\u00fdchodiska pro realizaci vlastn\u00edho um\u011bleck\u00e9ho projektu.<\/p>\n<p>&nbsp;<\/p>\n<p><strong>Rozhovor s M\u00edrou Ha\u0161kem na <a href=\"https:\/\/www.artalk.cz\/2012\/03\/14\/jednou-bude-dekanem\/\">Artalk.cz<\/a><\/strong><\/p>\n<p><strong>M\u00edra Ha\u0161ek se stal v\u00edt\u011bzem Ceny EXIT 2011<\/strong> (v\u00edt\u011bzem 5. ro\u010dn\u00edku celost\u00e1tn\u00ed sout\u011b\u017ee pro studenty vysok\u00fdch um\u011bleck\u00fdch \u0161kol \u010cR). Vyhl\u00e1\u0161en\u00ed prob\u011bhlo 14. 12. 2011 v Galerii Emila Filly v \u00dast\u00ed nad Labem.<br \/>\n<strong>O finalistech a v\u00edt\u011bzi rozhodla dev\u00edti\u010dlenn\u00e1 komise ve slo\u017een\u00ed:<\/strong> Tom\u00e1\u0161 Van\u011bk \u2013 AVU Praha \/ Ji\u0159\u00ed Kovanda \u2013 FUD UJEP \u00dast\u00ed nad Labem; AVU Praha \/ Milena Dopitov\u00e1 \u2013 V\u0160UP Praha \/ Martin Zet \u2013 FAVU VUT Brno \/ Michal Kalhous \u2013 FU OU Ostrava \/ Du\u0161an Z\u00e1horansk\u00fd \u2013 MeetFactory Praha, Andrea Domesle \u2013 kur\u00e1torka (CH) \/ Antje Weitzel \u2013 nez\u00e1visl\u00e1 kur\u00e1torka, Berlin (GER) \/ Iduna B\u00f6hning \u2013 vizu\u00e1ln\u00ed um\u011blkyn\u011b a galeristka, Dr\u00e1\u017e\u010fany (GER).<\/p>\n<p><a href=\"https:\/\/fud.ujep.cz\/sites\/digitalni-media\/report\/?album=1&amp;gallery=41\"><img decoding=\"async\" class=\"ngg-singlepic ngg-none\" src=\"https:\/\/fud.ujep.cz\/sites\/digitalni-media\/wp-content\/gallery\/cena-exit-2011\/exit-10.jpg\" alt=\"exit-10\" width=\"600\" \/><\/a><\/p>\n<p>&nbsp;<\/p>\n<p><strong>Pr\u00e1ce z\u00a0bakal\u00e1\u0159sk\u00e9ho a magistersk\u00e9ho studia v ateli\u00e9ru Digit\u00e1ln\u00ed m\u00e9dia:<\/strong><\/p>\n<p> <p><iframe loading=\"lazy\" src=\"https:\/\/player.vimeo.com\/video\/25588325?title=0&amp;byline=0&amp;portrait=0\" width=\"500\" height=\"284\" frameborder=\"0\" webkitAllowFullScreen mozallowfullscreen allowFullScreen><\/iframe><\/iframe><\/p>   <p><iframe loading=\"lazy\" src=\"https:\/\/player.vimeo.com\/video\/20338945?title=0&amp;byline=0&amp;portrait=0\" width=\"500\" height=\"284\" frameborder=\"0\" webkitAllowFullScreen mozallowfullscreen allowFullScreen><\/iframe><\/iframe><\/p> \n<p>Video je p\u0159\u00edb\u011bhem \u017eeny a mu\u017ee, p\u0159\u00edb\u011bhem, kter\u00fd se s \u017eertovnou nads\u00e1zkou a dojemnou ironi\u00ed dot\u00fdk\u00e1 lidsk\u00e9 touhy jako\u017eto z\u00e1kladn\u00edho a hnac\u00edho principu lidsk\u00e9 existence. Cel\u00fdm p\u0159\u00edb\u011bhem prol\u00edn\u00e1 jedna z nejslavn\u011bj\u0161\u00edch \u00e1ri\u00ed z nedokon\u010den\u00e9 opery Giacoma Pucciniho Turandot \u2013 Nessun dorna, kter\u00e1 sv\u00fdm patosem je\u0161t\u011b v\u00edce podporuje emotivn\u011b vypjatou situaci. P\u0159esn\u00e9 a promy\u0161len\u00e9 spojen\u00ed hudby a obrazu, pou\u017eit\u00ed klasick\u00fdch filmov\u00fdch postup\u016f a pr\u00e1ce s akt\u00e9ry podv\u011bdom\u011b div\u00e1ka p\u0159ipravuj\u00ed na o\u010dek\u00e1van\u00e9 rozuzlen\u00ed, kter\u00e9 se ov\u0161em nekon\u00e1.<\/p>\n<p> <p><iframe loading=\"lazy\" src=\"https:\/\/player.vimeo.com\/video\/20337216?title=0&amp;byline=0&amp;portrait=0\" width=\"500\" height=\"284\" frameborder=\"0\" webkitAllowFullScreen mozallowfullscreen allowFullScreen><\/iframe><\/iframe><\/p>   <p><iframe loading=\"lazy\" src=\"https:\/\/player.vimeo.com\/video\/16545265?title=0&amp;byline=0&amp;portrait=0\" width=\"500\" height=\"284\" frameborder=\"0\" webkitAllowFullScreen mozallowfullscreen allowFullScreen><\/iframe><\/iframe><\/p> \n<p>Videa reflektuj\u00ed spole\u010dn\u00e9 sou\u017eit\u00ed m\u011b a m\u00e9 babi\u010dky, kter\u00e1 p\u0159ich\u00e1z\u00ed na jednoduch\u00e9 zp\u016fsoby uleh\u010den\u00ed si dom\u00e1c\u00edch prac\u00ed, a to pomoc\u00ed v\u00edce \u010di m\u00e9n\u011b komplikovan\u00fdch postup\u016f. Jej\u00ed po\u010d\u00edn\u00e1n\u00ed vych\u00e1z\u00ed z pot\u0159eby vykonat \u00fakon samostatn\u011b, bez pomoci kohokoliv z rodiny.<\/p>\n<p> <p><iframe loading=\"lazy\" src=\"https:\/\/player.vimeo.com\/video\/13214679?title=0&amp;byline=0&amp;portrait=0\" width=\"500\" height=\"284\" frameborder=\"0\" webkitAllowFullScreen mozallowfullscreen allowFullScreen><\/iframe><\/iframe><\/p> <\/p>\n<p>Toto video se odv\u00edj\u00ed od m\u00fdch p\u0159ede\u0161l\u00fdch projekt\u016f, kter\u00e9 by se daly shrnout pod t\u00e9ma \u201eHomeperformance\u201c. Soust\u0159edil jsem se na konkr\u00e9tn\u00ed osobu vykon\u00e1vaj\u00edc\u00ed ur\u010ditou specifickou \u010dinnost, ov\u0161em postupn\u011b m\u016fj z\u00e1jem o danou osobu za\u010dal opadat a koncentroval jsem se sp\u00ed\u0161e na onu \u010dinnost, kterou dan\u00e1 osoba vykon\u00e1v\u00e1 s d\u00e1vkou absurdity. T\u00edmto postupem jsem se dostal k ur\u010dit\u00e9mu principu. Konkr\u00e9tn\u011b v tomto videu vych\u00e1z\u00edm z jednoho ze zahr\u00e1dk\u00e1\u0159sk\u00fdch pouna\u010den\u00ed nebo sp\u00ed\u0161e z\u00e1sad: \u201eNe\u0161lap do z\u00e1honu\u201c, nebo \u201e\u2026do z\u00e1honu se p\u0159ece ne\u0161lape\u201c. Jedn\u00e1 se celkem o ban\u00e1ln\u00ed \u010dinnost a i d\u011bjov\u00e1 linie je jednoduch\u00e1. Zp\u016fsob vypr\u00e1v\u011bn\u00ed p\u0159\u00edb\u011bhu, nebo sp\u00ed\u0161e situace, je dosti popisn\u00fd, krok po kroku l\u00ed\u010d\u00ed danou \u010dinnost filmov\u00fdm zp\u016fsobem vypr\u00e1v\u011bn\u00ed. Kamera je voyersk\u00e1, nedoch\u00e1z\u00ed k popisu toho, co vid\u00ed \u00fa\u010dinkuj\u00edc\u00ed osoba.<\/p>\nngg_shortcode_0_placeholder\nngg_shortcode_1_placeholder\n<p>&nbsp;<\/p>\n<p><a href=\"https:\/\/www.artalk.cz\/?s=miroslav+ha%C5%A1ek\"><span style=\"text-decoration: underline;\"><strong>www.artalk.cz<\/strong><\/span><\/a><\/p>\n<p>&nbsp;<\/p>\n<p><strong>Samostatn\u00e9 v\u00fdstavy:<\/strong><\/p>\n<p><strong>2015<\/strong> Dlouho jsem se s\u00e1m sebe neptal a zapomn\u011bl jsem v\u0161echny odpov\u011bdi, D\u016fm p\u00e1n\u016f z Kun\u0161t\u00e1tu, D\u016fm um\u011bn\u00ed m\u011bsta Brna, Brno (<a href=\"https:\/\/www.dum-umeni.cz\/cz\/vystava\/miroslav_hasek_dlouho_jsem_se_sam_sebe_neptal_a_zapomnel_jsem_vsechny_odpovedi\">tiskov\u00e1 zpr\u00e1va<\/a>)<\/p>\n<p><strong>2014<\/strong> Portr\u00e9t um\u011blce, Galerie Alt\u00e1n Klamovka, Praha (<a href=\"https:\/\/www.artalk.cz\/2014\/05\/27\/tz-miroslav-hasek-2\/\">Artalk.cz<\/a>)<\/p>\n<p><strong>2012<\/strong> Hranice mo\u017enost\u00ed, Galerie Jelen\u00ed, Praha<\/p>\n<p><strong>2012<\/strong> Homeperformance, Galerie Kostka, Meetfactory, Praha (<a href=\"https:\/\/www.artalk.cz\/2012\/06\/18\/tz-miroslav-hasek\/\">Artalk.cz<\/a>)<\/p>\n<p><strong>2011<\/strong> Homeperformance, Galerie 3 x 3, Liberec, samostatn\u00e1 v\u00fdstava (<a href=\"https:\/\/www.gallery3x3.ic.cz\/v13.html\">info<\/a>)<\/p>\n<p>&nbsp;<\/p>\n<p><strong>Spole\u010dn\u00e9 v\u00fdstavy:<\/strong><\/p>\n<p><strong>2019<\/strong> Labyrinth, V\u00fdstava ateli\u00e9ru Digit\u00e1ln\u00ed m\u00e9dia FUD UJEP, Pragovka, Praha<\/p>\n<p><strong>2018 <\/strong>Mo(nu)ment\u00e1ln\u00ed topografie, Galerie E. Filly, \u00dast\u00ed nad Labem<\/p>\n<p><strong>2017 <\/strong>N\u00e1vod k pou\u017eit\u00ed, Galerie E. Filly, \u00dast\u00ed nad Labem<\/p>\n<p><strong>2016<\/strong> In Their Eyes&#8230;, D\u016fm um\u011bn\u00ed \u00dast\u00ed nad Labem, \u00dast\u00ed nad Labem\u00a0<\/p>\n<p><strong>2016<\/strong> In Their Eyes&#8230;, Kunsthalle Eurocenter Lana, It\u00e1lie\u00a0<\/p>\n<p><strong>2015<\/strong> Videokemp, P\u0159ehl\u00eddka sou\u010dasn\u00e9ho videoartu, Park Klamovka &#8211; Galerie Alt\u00e1n Klamovka, Praha<\/p>\n<p><strong>2015 <\/strong>Tektonika pam\u011bti, D\u016fm um\u011bn\u00ed m\u011bsta Brna, Brno (<a href=\"https:\/\/fud.ujep.cz\/sites\/digitalni-media\/wp-content\/uploads\/2015\/03\/tektonika-pameti-brno-tiskovka.pdf\">tiskov\u00e1 zpr\u00e1va<\/a>)<\/p>\n<p><strong>2014 <\/strong>Tektonika pam\u011bti, Galerie E. Filly, \u00dast\u00ed nad Labem (<a href=\"https:\/\/fud.ujep.cz\/sites\/digitalni-media\/wp-content\/uploads\/2010\/12\/tektonika-pameti-tiskovka.pdf\">tiskov\u00e1 zpr\u00e1va<\/a>)<strong><br \/>\n<\/strong><\/p>\n<p><strong>2014 <\/strong>Pro\u010d si nejde\u0161 hr\u00e1t s br\u00e1chou? Trafa\u010dka, Praha (<a href=\"https:\/\/www.artalk.cz\/2014\/10\/21\/tz-proc-si-nejdes-hrat-s-brachou\/\">Artalk.cz<\/a>)<strong><br \/>\n<\/strong><\/p>\n<p><strong>2014<\/strong> Street for Art Festival 2014, Praha (<a href=\"https:\/\/www.streetforart.cz\/2014\/festival\/vystava\/\">streetforart.cz<\/a>)<\/p>\n<p><strong>2014<\/strong> NULLA DIES SINE LINEA, Postkonceptu\u00e1ln\u00ed p\u0159esahy v\u00a0\u010desk\u00e9 kresb\u011b, Galerie E. Filly, \u00dast\u00ed nad Labem (<a href=\"https:\/\/www.artalk.cz\/2014\/04\/16\/ani-den-bez-carky-art-souboj-medii-v-kresbe\/\">Artalk.cz<\/a>)<\/p>\n<p><strong>2014<\/strong> \u010ceskoslovensko, Galerie Bunker, Nitrianska gal\u00e9ria, Nitra, Slovensk\u00e1 republika (<a href=\"https:\/\/www.artalk.cz\/2014\/03\/05\/tz-ceskoslovensko\/\">Artalk.cz<\/a>)<\/p>\n<p><strong>2013<\/strong> Hi5! D\u016fm um\u011bn\u00ed m\u011bsta Brna, Brno (<a href=\"https:\/\/www.artalk.cz\/2013\/01\/30\/tz-hi5\/\">Artalk.cz<\/a>, <a href=\"https:\/\/fud.ujep.cz\/sites\/digitalni-media\/report\/vystavy-atelieru-ohlasy-atd\/?album=17&amp;gallery=80\">info<\/a>)<\/p>\n<p><strong>2012<\/strong> Paraleln\u00ed historie, GASK &#8211; Galerie St\u0159edo\u010desk\u00e9ho kraje, Kutn\u00e1 Hora (<a href=\"https:\/\/www.artalk.cz\/2012\/11\/19\/tz-paralelni-historie-aktualni-vytvarne-umeni-v-usti-nad-labem-mezi-lety-1990-2012\/\">Artalk.cz<\/a>)<\/p>\n<p><strong>2012<\/strong> Univerzita P\u0159edlice, V\u00fdstava student\u016f a pedagog\u016f FUD UJEP, N\u00e1rodn\u00ed galerie, Veletr\u017en\u00ed pal\u00e1c, Praha (<a href=\"https:\/\/www.artalk.cz\/2013\/01\/11\/pribehy-z-predlickych-ulic\/\">Artalk.cz<\/a>, <a href=\"https:\/\/www.ceskatelevize.cz\/ivysilani\/\/1096898594-udalosti-komentare\/212411000371121\/\">\u010cT24<\/a>, <a href=\"https:\/\/fud.ujep.cz\/sites\/digitalni-media\/wp-content\/uploads\/2012\/02\/univerzita-predlice-tiskova-zprava.pdf\">tiskov\u00e1 zpr\u00e1va<\/a>, <a href=\"https:\/\/fud.ujep.cz\/sites\/digitalni-media\/report\/vystavy-atelieru-ohlasy-atd\/?album=17&amp;gallery=79\">info<\/a>)<\/p>\n<p><strong><strong>2012<\/strong><\/strong> Crash Test 2012, Topi\u010d\u016fv salon, Praha (<a href=\"https:\/\/fud.ujep.cz\/sites\/digitalni-media\/wp-content\/uploads\/2012\/02\/clanek-crash-test-2012.jpg\">\u010dl\u00e1nek v Lidov\u00fdch novin\u00e1ch<\/a>)<\/p>\n<p><strong>2012<\/strong> Obraz, v ktorom \u017eijeme, Dom umenia, Bratislava, Slovensk\u00e1 republika<\/p>\n<p><strong>2012<\/strong> VI. Zl\u00ednsk\u00fd salon mlad\u00fdch, Krajsk\u00e1 galerie v\u00fdtvarn\u00e9ho um\u011bn\u00ed, Zl\u00edn<\/p>\n<p><strong>2012 <\/strong> Gym Lessons, Czech Center, New York, USA (<a href=\"https:\/\/fud.ujep.cz\/sites\/digitalni-media\/wp-content\/uploads\/2012\/01\/clanek-new-york.jpg\">\u010dl\u00e1nek v MF<\/a>, <a href=\"https:\/\/fud.ujep.cz\/sites\/digitalni-media\/wp-content\/uploads\/2011\/12\/pozvanka-gym-lessons.pdf\">katalog<\/a>, <a href=\"https:\/\/fud.ujep.cz\/sites\/digitalni-media\/vystavy-atelieru-ohlasy-atd\/?album=17&amp;gallery=43\">info<\/a>)<\/p>\n<p><strong>2011\/12<\/strong> Obraz, v kter\u00e9m \u017eijeme, GASK &#8211; Galerie St\u0159edo\u010desk\u00e9ho kraje, Kutn\u00e1 Hora<\/p>\n<p><strong>2011<\/strong> Obraz, v kter\u00e9m \u017eijeme, Galerie E. Filly, \u00dast\u00ed nad Labem (<a href=\"https:\/\/fud.ujep.cz\/sites\/digitalni-media\/wp-content\/uploads\/2010\/12\/obraz-v-kterem-zijeme-clanek-A2.pdf\">\u010dl\u00e1nek v A2<\/a>, <a href=\"https:\/\/www.artalk.cz\/2011\/10\/20\/tz-obraz-v-kterem-zijeme\/\">Artalk.cz<\/a>, <a href=\"https:\/\/fud.ujep.cz\/sites\/digitalni-media\/vystavy-atelieru-ohlasy-atd\/?album=17&amp;gallery=44\">info<\/a>)<\/p>\n<p><strong>2011<\/strong> Cena EXIT 2011, Galerie E. Filly, \u00dast\u00ed nad Labem, laure\u00e1t ceny (<a href=\"https:\/\/fud.ujep.cz\/sites\/digitalni-media\/wp-content\/uploads\/2010\/12\/exit-2011-clanek-atelier.pdf\">\u010dl\u00e1nek v Ateli\u00e9ru<\/a>, <a href=\"https:\/\/www.artalk.cz\/2012\/03\/14\/jednou-bude-dekanem\/\">rozhovor na Artalk.cz<\/a>)<\/p>\n<p><strong>2011<\/strong> Dom\u00e1c\u00ed pr\u00e1ce &#8211; v\u00fdstava ateli\u00e9ru Digit\u00e1ln\u00ed m\u00e9dia FUD UJEP, Galerie Aula FaVU VUT, Brno (<a href=\"https:\/\/fud.ujep.cz\/sites\/digitalni-media\/report\/vystavy-atelieru-ohlasy-atd\/?album=17&amp;gallery=42\">info<\/a>)<\/p>\n<p><strong>2011<\/strong> Ministerstvo \u0161kolstv\u00ed varuje: Segregace v\u00e1\u017en\u011b \u0161kod\u00ed V\u00e1m i lidem ve Va\u0161em okol\u00ed,\u00a0 Galerie NAPA, Nostick\u00fd pal\u00e1c, Praha<\/p>\n<p><strong>2011<\/strong> Videokemp 2011, Malinovsk\u00e9ho n\u00e1m\u011bst\u00ed, Brno<\/p>\n<p><strong>2010<\/strong> EXIT a.a.O., Kunstraum Kreuzberg, Bethanien, Berlin, N\u011bmecko (<a href=\"https:\/\/www.artslant.com\/ber\/events\/show\/130634-exit-aao\">info<\/a>)<\/p>\n<p><strong>2010<\/strong> Hra na n\u00e1hodu, Galerie E. Filly, \u00dast\u00ed nad Labem (<a href=\"https:\/\/fud.ujep.cz\/sites\/digitalni-media\/wp-content\/uploads\/2010\/12\/clanek-hra-na-nahodu.jpg\">\u010dl\u00e1nek ve Flash Art<\/a>)<\/p>\n<p><strong>2010<\/strong> Tajemstv\u00ed \u017elut\u00e9 aktovky, Galerie NOD, Praha (<a href=\"https:\/\/artycok.tv\/lang\/cs-cz\/secret-yellow-schoolbag\/4449\">Arty\u010dok<\/a>)<\/p>\n<p><strong>2010<\/strong> Tvo\u0159en\u00ed sv\u011bt\u016f, Galerie E. Filly, \u00dast\u00ed nad Labem (<a href=\"https:\/\/artycok.tv\/lang\/cs-cz\/making-world\/4394\">Arty\u010dok<\/a>)<\/p>\n<p><strong>2009<\/strong> Cena EXIT 2009, Galerie E. Filly, \u00dast\u00ed nad Labem (<a href=\"https:\/\/artycok.tv\/lang\/cs-cz\/exit-price\/3990\">Arty\u010dok<\/a>)<\/p>\n<p>&nbsp;<\/p>\n<p><strong>Ceny:<\/strong><\/p>\n<p><strong>2012<\/strong> Cena d\u011bkana FUD UJEP<\/p>\n<p><strong>2011<\/strong> Cena EXIT 2011 &#8211; v\u00edt\u011bz 5. ro\u010dn\u00edku sout\u011b\u017ee pro studenty vysok\u00fdch um\u011bleck\u00fdch \u0161kol \u010cR (<a href=\"https:\/\/fud.ujep.cz\/sites\/digitalni-media\/wp-content\/uploads\/2010\/12\/exit-2011-clanek-atelier.pdf\">\u010dl\u00e1nek v Ateli\u00e9ru<\/a>, <a href=\"https:\/\/www.artalk.cz\/2012\/03\/14\/jednou-bude-dekanem\/\">rozhovor na Artalk.cz<\/a>)<\/p>\n<p><strong>2010<\/strong> Cena ateli\u00e9ru Digit\u00e1ln\u00ed m\u00e9dia FUD UJEP<\/p>\n","protected":false},"excerpt":{"rendered":"<p>hasek88@seznam.cz www.miroslavhasek.cz &nbsp; T\u00e9ma diserta\u010dn\u00ed pr\u00e1ce (pr\u00e1ce obh\u00e1jena v roce 2017): Narativn\u00ed tendence v sou\u010dasn\u00e9m um\u011bn\u00ed Anotace diserta\u010dn\u00ed pr\u00e1ce: Diserta\u010dn\u00ed pr\u00e1ce se zab\u00fdv\u00e1 prom\u011bnou sou\u010dasn\u00e9 vizu\u00e1ln\u00ed kultury se z\u0159etelem k narativn\u00ed slo\u017ece um\u011bleck\u00e9ho d\u00edla. V\u0161\u00edm\u00e1 si vlivu sou\u010dasn\u00fdch m\u00e9di\u00ed a digit\u00e1ln\u00edch technologi\u00ed na v\u00fdtvarn\u00e9 um\u011bn\u00ed i vizu\u00e1ln\u00ed gramotnost obecn\u011b. Pr\u00e1ce reflektuje zp\u016fsoby vypr\u00e1v\u011bn\u00ed p\u0159\u00edb\u011bhu v\u00a0r\u016fzn\u00fdch [&hellip;]<\/p>\n","protected":false},"featured_media":0,"template":"","meta":{"_acf_changed":false,"ngg_post_thumbnail":0},"rocnik":[16],"class_list":["post-45","student","type-student","status-publish","hentry","rocnik-absolventi-a-studenti-doktorskeho-studia"],"acf":[],"_links":{"self":[{"href":"https:\/\/fud.ujep.cz\/sites\/digitalni-media\/wp-json\/wp\/v2\/student\/45","targetHints":{"allow":["GET"]}}],"collection":[{"href":"https:\/\/fud.ujep.cz\/sites\/digitalni-media\/wp-json\/wp\/v2\/student"}],"about":[{"href":"https:\/\/fud.ujep.cz\/sites\/digitalni-media\/wp-json\/wp\/v2\/types\/student"}],"wp:attachment":[{"href":"https:\/\/fud.ujep.cz\/sites\/digitalni-media\/wp-json\/wp\/v2\/media?parent=45"}],"wp:term":[{"taxonomy":"rocnik","embeddable":true,"href":"https:\/\/fud.ujep.cz\/sites\/digitalni-media\/wp-json\/wp\/v2\/rocnik?post=45"}],"curies":[{"name":"wp","href":"https:\/\/api.w.org\/{rel}","templated":true}]}}