{"id":47,"date":"2010-12-12T12:52:37","date_gmt":"2010-12-12T11:52:37","guid":{"rendered":"https:\/\/fud.ujep.cz\/sites\/digitalni-media\/?page_id=47"},"modified":"2019-07-31T10:48:13","modified_gmt":"2019-07-31T09:48:13","slug":"martina-liskova","status":"publish","type":"student","link":"https:\/\/fud.ujep.cz\/sites\/digitalni-media\/student\/martina-liskova\/","title":{"rendered":"Martina Li\u0161kov\u00e1"},"content":{"rendered":"<p><a href=\"mailto:martinaliskova@email.cz\">martinaliskova@email.cz<\/a><\/p>\n<p> <p><iframe loading=\"lazy\" src=\"https:\/\/player.vimeo.com\/video\/170577591?title=0&amp;byline=0&amp;portrait=0\" width=\"500\" height=\"284\" frameborder=\"0\" webkitAllowFullScreen mozallowfullscreen allowFullScreen><\/iframe><\/iframe><\/p> <\/p>\n<p>Ve sv\u00e9 diplomov\u00e9 pr\u00e1ci se zab\u00fdv\u00e1m oblast\u00ed m\u011bsta Mostu, jeho histori\u00ed a sou\u010dasnost\u00ed. Zaj\u00edm\u00e1 mne obdob\u00ed od poloviny \u0161edes\u00e1t\u00fdch let, co\u017e bylo obdob\u00ed budov\u00e1n\u00ed nov\u00e9 \u010d\u00e1sti Mostu, p\u0159\u00edprav na likvidaci star\u00e9ho m\u011bsta, roz\u0161i\u0159ov\u00e1n\u00ed t\u011b\u017eby uhl\u00ed a nezm\u011brn\u00e1 devastace krajiny. Sou\u010d\u00e1st\u00ed diplomov\u00e9 pr\u00e1ce je tak\u00e9 video, kter\u00fdm ironicky komentuji progn\u00f3zy na vznikaj\u00edc\u00ed rekrea\u010dn\u00ed r\u00e1j a v\u0161udyp\u0159\u00edtomn\u00fd lobbing za rekultivov\u00e1n\u00ed krajiny. Jsou napl\u00e1nov\u00e1ny velk\u00e9 developersk\u00e9 projekty zam\u011b\u0159en\u00e9 na rekreaci a nav\u00fd\u0161en\u00ed turismu. Podobn\u00e9 vize se zdaj\u00ed b\u00fdt velmi nadnesen\u00e9 a\u017e utopick\u00e9. D\u011bj videa se odehr\u00e1v\u00e1 na b\u0159ehu jezera \u2013 odkalovac\u00ed n\u00e1dr\u017ee Venu\u0161e, kterou vyu\u017e\u00edvaj\u00ed chemick\u00e9 z\u00e1vody, kter\u00e9 je vyu\u017e\u00edvaj\u00ed pro vypou\u0161t\u011bn\u00ed odpadu. D\u0159\u00edve n\u00e1dr\u017e slou\u017eila jako pop\u00edlkovi\u0161t\u011b a m\u00edsto pro ukl\u00e1d\u00e1n\u00ed odpadu ze spalov\u00e1n\u00ed uhl\u00ed.<\/p>\n<p> <p><iframe loading=\"lazy\" src=\"https:\/\/player.vimeo.com\/video\/170577518?title=0&amp;byline=0&amp;portrait=0\" width=\"500\" height=\"284\" frameborder=\"0\" webkitAllowFullScreen mozallowfullscreen allowFullScreen><\/iframe><\/iframe><\/p> <\/p>\n<p>Sou\u010d\u00e1st\u00ed diplomov\u00e9 pr\u00e1ce je tak\u00e9 video, jeho\u017e hlavn\u00edm motivem je uhl\u00ed, surovina neodvratn\u011b a osudov\u011b propojen\u00e1 se severn\u00edmi \u010cechami, jejich minulost\u00ed, p\u0159\u00edtomnost\u00ed ale i budoucnost\u00ed. Video zobrazuje m\u00e9 ruce ma\u010dkaj\u00edc\u00ed a drt\u00edc\u00ed uhl\u00ed. M\u00e1me zde svobodnou mo\u017enost se rozhodnout, zda m\u00e1 b\u00fdt tento akt fyzick\u00e9ho kontaktu metaforou rezistence nebo sm\u00ed\u0159en\u00ed.<\/p>\n<p> <p><iframe loading=\"lazy\" src=\"https:\/\/player.vimeo.com\/video\/99971463?title=0&amp;byline=0&amp;portrait=0\" width=\"500\" height=\"284\" frameborder=\"0\" webkitAllowFullScreen mozallowfullscreen allowFullScreen><\/iframe><\/iframe><\/p> <\/p>\n<p>V\u00a0souvislosti s t\u00edm, \u017ee bych v\u00a0p\u0159\u00ed\u0161t\u00edm roce m\u011bla ukon\u010dit studium, mne v posledn\u00ed dob\u011b velmi \u010dasto napadaj\u00ed ot\u00e1zky ohledn\u011b m\u00e9 profesn\u00ed i osobn\u00ed budoucnosti a nut\u00ed mne bilancovat m\u00e9 studium a p\u016fsoben\u00ed na um\u011bleck\u00e9 \u0161kole. C\u00edt\u00edm se nejist\u00e1. P\u0159em\u00edt\u00e1m, zda jsem se nau\u010dila v\u0161e, co jsem se nau\u010dit mohla. Pochybuji o sv\u00fdch znalostech a dovednostech.\u00a0C\u00edt\u00edm, \u017ee t\u00e9m\u011b\u0159 ka\u017ed\u00e9ho studenta bl\u00ed\u017e\u00edc\u00edho se k\u00a0absolutoriu \u010di samotn\u00e9ho absolventa napadaj\u00ed ot\u00e1zky podobn\u00e9ho typu. Pr\u00e1v\u011b proto jsem se t\u00e9ma rozhodla zpracovat a pouk\u00e1zat na nejistotu, kterou pro\u017e\u00edv\u00e1me. V\u00a0pr\u016fb\u011bhu posledn\u00edch dvou m\u011bs\u00edc\u016f jsem zrekonstruovala star\u00fd st\u016fl a dv\u011b \u017eidle, n\u00e1bytek po na\u0161ich rodi\u010d\u00edch. Tou\u017eila jsem si vyzkou\u0161et n\u011bco nov\u00e9ho, n\u011bco praktick\u00e9ho. Vytvo\u0159it n\u011bco hmatateln\u00e9ho. Pracovat rukama. V\u00fdsledkem je jak\u00e1si metafora m\u00fdch aktu\u00e1ln\u00edch \u00favah o smyslu m\u00e9ho studia a m\u00e9 dosavadn\u00ed tvorby.<\/p>\n<p> <p><iframe loading=\"lazy\" src=\"https:\/\/player.vimeo.com\/video\/25573111?title=0&amp;byline=0&amp;portrait=0\" width=\"500\" height=\"284\" frameborder=\"0\" webkitAllowFullScreen mozallowfullscreen allowFullScreen><\/iframe><\/iframe><\/p> <\/p>\n<p>Ve sv\u00e9m projektu se zab\u00fdv\u00e1m hodnotou um\u011bn\u00ed, trhem s um\u011bn\u00edm a tak\u00e9 ot\u00e1zkou uplatn\u011bn\u00ed budouc\u00edch absolvent\u016f um\u011bleck\u00fdch \u0161kol. Vytvo\u0159ila jsem kolekci p\u0159ibli\u017en\u011b 30-ti d\u011bl od student\u016f z r\u016fzn\u00fdch ateli\u00e9r\u016f na\u0161\u00ed fakulty. Poprosila jsem je, aby si stanovili cenu za sv\u00e9 d\u00edlo. Pot\u00e9 jsem \u201evyzdobila\u201c auto reklamn\u00edmi pouta\u010di a s megafonem jsem obj\u00ed\u017ed\u011bla r\u016fzn\u00e9 lokality v \u00dast\u00ed nad Labem. Na ka\u017ed\u00e9 zast\u00e1vce jsem pot\u00e9 vyz\u00fdvala kolemjdouc\u00ed k nahl\u00e9dnut\u00ed a p\u0159\u00edpadn\u00e9 koupi mnou nab\u00edzen\u00fdch d\u011bl. S nads\u00e1zkou jsem zvolila formu \u201epoj\u00edzdn\u00e9 prodejny\u201c. Pou\u017e\u00edvala jsem typick\u00e9 reklamn\u00ed slogany. Tuto performance nevn\u00edm\u00e1m jako hotov\u00e9 d\u00edlo, sp\u00ed\u0161e jako n\u00e1stin probl\u00e9mu, kter\u00e9mu bych se cht\u011bla d\u00e1le v\u011bnovat.<\/p>\n<p> <p><iframe loading=\"lazy\" src=\"https:\/\/player.vimeo.com\/video\/13213174?title=0&amp;byline=0&amp;portrait=0\" width=\"500\" height=\"284\" frameborder=\"0\" webkitAllowFullScreen mozallowfullscreen allowFullScreen><\/iframe><\/iframe><\/p>   <p><iframe loading=\"lazy\" src=\"https:\/\/player.vimeo.com\/video\/13212320?title=0&amp;byline=0&amp;portrait=0\" width=\"500\" height=\"284\" frameborder=\"0\" webkitAllowFullScreen mozallowfullscreen allowFullScreen><\/iframe><\/iframe><\/p> \n<p>V t\u00e9to pr\u00e1ci se zab\u00fdv\u00e1m manipulac\u00ed \u010dlov\u011bka v r\u00e1mci internetov\u00e9 komunikace, av\u0161ak nikoli s c\u00edlem jeho zneu\u017eit\u00ed. Ot\u00e1zka manipulovatelnosti zde vystupuje ve spojen\u00ed s individu\u00e1ln\u00ed hranic\u00ed, kam a\u017e jsou lid\u00e9 schopni zaj\u00edt za sl\u00edbenou \u201codm\u011bnu\u201d.<\/p>\nngg_shortcode_0_placeholder\n<p>&nbsp;<\/p>\n<p><a href=\"https:\/\/www.artalk.cz\/?s=martina+li%C5%A1kov%C3%A1\"><strong>www.artalk.cz<\/strong><\/a><\/p>\n<p>&nbsp;<\/p>\n<p><strong>Spole\u010dn\u00e9 v\u00fdstavy:<br \/>\n<\/strong><\/p>\n<p><strong>2019<\/strong> Labyrinth, V\u00fdstava ateli\u00e9ru Digit\u00e1ln\u00ed m\u00e9dia FUD UJEP, Pragovka, Praha<\/p>\n<p><strong>2016 <\/strong>Diplomky 16, V\u00fdstava bakal\u00e1\u0159sk\u00fdch a diplomov\u00fdch prac\u00ed FUD UJEP, D\u016fm um\u011bn\u00ed, \u00dast\u00ed nad Labem<\/p>\n<p><strong>2013 <\/strong>Diplomky 13, V\u00fdstava bakal\u00e1\u0159sk\u00fdch a diplomov\u00fdch prac\u00ed FUD UJEP, Galerie E. Filly a Fakulta um\u011bn\u00ed a designu UJEP, \u00dast\u00ed nad Labem<\/p>\n<p><strong>2013<\/strong> Minim\u00e1ln\u00ed trvanlivost \u2212 Kontext roku 2012 ve v\u00fdtvarn\u00e9m um\u011bn\u00ed, Galerie E. Filly, \u00dast\u00ed nad Labem (<a href=\"https:\/\/fud.ujep.cz\/sites\/digitalni-media\/wp-content\/uploads\/2010\/12\/minimalni-trvanlivost-clanek.jpg\">\u010dl\u00e1nek v Ateli\u00e9ru<\/a>, <a href=\"https:\/\/www.artalk.cz\/2013\/04\/15\/tz-minimalni-trvanlivost\/\">Artalk.cz<\/a>)<\/p>\n<p><strong>2013<\/strong> Hi5! D\u016fm um\u011bn\u00ed m\u011bsta Brna, Brno (<a href=\"https:\/\/www.artalk.cz\/2013\/01\/30\/tz-hi5\/\">Artalk.cz<\/a>, <a href=\"https:\/\/fud.ujep.cz\/sites\/digitalni-media\/report\/vystavy-atelieru-ohlasy-atd\/?album=17&amp;gallery=80\">info<\/a>)<\/p>\n<p><strong>2011 <\/strong>Dom\u00e1c\u00ed pr\u00e1ce &#8211; v\u00fdstava ateli\u00e9ru Digit\u00e1ln\u00ed m\u00e9dia FUD\u00a0 UJEP, Galerie Aula FaVu VUT, Brno (<a href=\"https:\/\/fud.ujep.cz\/sites\/digitalni-media\/report\/vystavy-atelieru-ohlasy-atd\/?album=17&amp;gallery=42\">info<\/a>)<\/p>\n<p>&nbsp;<\/p>\n<p><strong>Ceny:<\/strong><\/p>\n<p><strong>2013<\/strong> Cena ateli\u00e9ru Digit\u00e1ln\u00ed m\u00e9dia FUD UJEP<\/p>\n<p>&nbsp;<\/p>\n<p><strong>St\u00e1\u017ee:<\/strong><\/p>\n<p><strong>2013\/2014<\/strong> \u010cesk\u00e9 centrum, Berl\u00edn, N\u011bmecko (pracovn\u00ed st\u00e1\u017e)<\/p>\n<p><strong>2011\/2012<\/strong> Universit\u00e4t f\u00fcr k\u00fcnstlerische und industrielle Gestaltung, Linz, Rakousko (studijn\u00ed st\u00e1\u017e)<\/p>\n","protected":false},"excerpt":{"rendered":"<p>martinaliskova@email.cz Ve sv\u00e9 diplomov\u00e9 pr\u00e1ci se zab\u00fdv\u00e1m oblast\u00ed m\u011bsta Mostu, jeho histori\u00ed a sou\u010dasnost\u00ed. Zaj\u00edm\u00e1 mne obdob\u00ed od poloviny \u0161edes\u00e1t\u00fdch let, co\u017e bylo obdob\u00ed budov\u00e1n\u00ed nov\u00e9 \u010d\u00e1sti Mostu, p\u0159\u00edprav na likvidaci star\u00e9ho m\u011bsta, roz\u0161i\u0159ov\u00e1n\u00ed t\u011b\u017eby uhl\u00ed a nezm\u011brn\u00e1 devastace krajiny. Sou\u010d\u00e1st\u00ed diplomov\u00e9 pr\u00e1ce je tak\u00e9 video, kter\u00fdm ironicky komentuji progn\u00f3zy na vznikaj\u00edc\u00ed rekrea\u010dn\u00ed r\u00e1j a [&hellip;]<\/p>\n","protected":false},"featured_media":0,"template":"","meta":{"_acf_changed":false,"ngg_post_thumbnail":0},"rocnik":[19],"class_list":["post-47","student","type-student","status-publish","hentry","rocnik-absolventi-magisterskeho-studia"],"acf":[],"_links":{"self":[{"href":"https:\/\/fud.ujep.cz\/sites\/digitalni-media\/wp-json\/wp\/v2\/student\/47","targetHints":{"allow":["GET"]}}],"collection":[{"href":"https:\/\/fud.ujep.cz\/sites\/digitalni-media\/wp-json\/wp\/v2\/student"}],"about":[{"href":"https:\/\/fud.ujep.cz\/sites\/digitalni-media\/wp-json\/wp\/v2\/types\/student"}],"wp:attachment":[{"href":"https:\/\/fud.ujep.cz\/sites\/digitalni-media\/wp-json\/wp\/v2\/media?parent=47"}],"wp:term":[{"taxonomy":"rocnik","embeddable":true,"href":"https:\/\/fud.ujep.cz\/sites\/digitalni-media\/wp-json\/wp\/v2\/rocnik?post=47"}],"curies":[{"name":"wp","href":"https:\/\/api.w.org\/{rel}","templated":true}]}}