{"id":53,"date":"2010-12-12T12:53:18","date_gmt":"2010-12-12T11:53:18","guid":{"rendered":"https:\/\/fud.ujep.cz\/sites\/digitalni-media\/?page_id=53"},"modified":"2019-07-31T10:51:36","modified_gmt":"2019-07-31T09:51:36","slug":"henrieta-ziackova","status":"publish","type":"student","link":"https:\/\/fud.ujep.cz\/sites\/digitalni-media\/student\/henrieta-ziackova\/","title":{"rendered":"Henrieta \u017dia\u010dkov\u00e1"},"content":{"rendered":"<p><a href=\"mailto:lyli5@azet.sk\">lyli5@azet.sk<\/a><\/p>\n<p> <p><iframe loading=\"lazy\" src=\"https:\/\/player.vimeo.com\/video\/13224811?title=0&amp;byline=0&amp;portrait=0\" width=\"500\" height=\"284\" frameborder=\"0\" webkitAllowFullScreen mozallowfullscreen allowFullScreen><\/iframe><\/iframe><\/p> <\/p>\n<p>Video vzniklo v prost\u0159ed\u00ed, kter\u00e9 velmi dob\u0159e zn\u00e1m. Videosmy\u010dka zachycuje nekone\u010dnou stereotypn\u00ed \u010dinnost \u017eeny, o kter\u00e9 div\u00e1k v\u00ed jen to, jak se jmenuje, jak dlouho je ve firm\u011b na v\u00fdrobu s\u00fdr\u016f zam\u011bstnan\u00e1 a jak dlouh\u00e1 je jedna pracovn\u00ed sm\u011bna (video je dopln\u011bno textem s t\u011bmito \u00fadaji). Po\u010d\u00e1te\u010dn\u00ed pocit jist\u00e9ho \u201eutrpen\u00ed\u201c p\u0159ech\u00e1z\u00ed v ur\u010dit\u00e9 sm\u00ed\u0159en\u00ed a pokoru. Zvolila jsem formu v\u00fd\u0159ezu s pohledem na ruce, a to jednak z d\u016fvodu zachov\u00e1n\u00ed jist\u00e9 anonymity, ale tak\u00e9 se snahou v\u00edce se soust\u0159edit na zobrazenou monot\u00f3nn\u00ed \u010dinnost, kter\u00e1 m\u016f\u017eeme b\u00fdt p\u0159i del\u0161\u00edm sledov\u00e1n\u00ed videa ch\u00e1p\u00e1na jako ur\u010dit\u00e1 \u201emeditace\u201c.<\/p>\nngg_shortcode_0_placeholder\n<p>&nbsp;<\/p>\n<p><a href=\"https:\/\/www.artalk.cz\/?s=%22henrieta+%C5%BEia%C4%8Dkov%C3%A1%22\"><strong>https:\/\/www.artalk.cz\/?s=%22henrieta+%C5%BEia%C4%8Dkov%C3%A1%22<\/strong><\/a><\/p>\n<p>&nbsp;<\/p>\n<p><strong>Spole\u010dn\u00e9 v\u00fdstavy:<\/strong><\/p>\n<p><strong>2012 <\/strong>Gener\u00e1tor, Galerie E. Filly, \u00dast\u00ed nad Labem<\/p>\n<p><strong>2011 <\/strong>Dom\u00e1c\u00ed pr\u00e1ce &#8211; v\u00fdstava ateli\u00e9ru Digit\u00e1ln\u00ed m\u00e9dia FUD\u00a0 UJEP, Galerie Aula FaVu VUT, Brno (<a href=\"https:\/\/fud.ujep.cz\/sites\/digitalni-media\/report\/vystavy-atelieru-ohlasy-atd\/?album=17&amp;gallery=42\">info<\/a>)<\/p>\n","protected":false},"excerpt":{"rendered":"<p>lyli5@azet.sk Video vzniklo v prost\u0159ed\u00ed, kter\u00e9 velmi dob\u0159e zn\u00e1m. Videosmy\u010dka zachycuje nekone\u010dnou stereotypn\u00ed \u010dinnost \u017eeny, o kter\u00e9 div\u00e1k v\u00ed jen to, jak se jmenuje, jak dlouho je ve firm\u011b na v\u00fdrobu s\u00fdr\u016f zam\u011bstnan\u00e1 a jak dlouh\u00e1 je jedna pracovn\u00ed sm\u011bna (video je dopln\u011bno textem s t\u011bmito \u00fadaji). Po\u010d\u00e1te\u010dn\u00ed pocit jist\u00e9ho \u201eutrpen\u00ed\u201c p\u0159ech\u00e1z\u00ed v ur\u010dit\u00e9 sm\u00ed\u0159en\u00ed [&hellip;]<\/p>\n","protected":false},"featured_media":0,"template":"","meta":{"_acf_changed":false,"ngg_post_thumbnail":0},"rocnik":[18],"class_list":["post-53","student","type-student","status-publish","hentry","rocnik-atelierem-prosli-ale-studium-neukoncili"],"acf":[],"_links":{"self":[{"href":"https:\/\/fud.ujep.cz\/sites\/digitalni-media\/wp-json\/wp\/v2\/student\/53","targetHints":{"allow":["GET"]}}],"collection":[{"href":"https:\/\/fud.ujep.cz\/sites\/digitalni-media\/wp-json\/wp\/v2\/student"}],"about":[{"href":"https:\/\/fud.ujep.cz\/sites\/digitalni-media\/wp-json\/wp\/v2\/types\/student"}],"wp:attachment":[{"href":"https:\/\/fud.ujep.cz\/sites\/digitalni-media\/wp-json\/wp\/v2\/media?parent=53"}],"wp:term":[{"taxonomy":"rocnik","embeddable":true,"href":"https:\/\/fud.ujep.cz\/sites\/digitalni-media\/wp-json\/wp\/v2\/rocnik?post=53"}],"curies":[{"name":"wp","href":"https:\/\/api.w.org\/{rel}","templated":true}]}}