{"id":922,"date":"2012-07-04T10:43:54","date_gmt":"2012-07-04T09:43:54","guid":{"rendered":"https:\/\/fud.ujep.cz\/sites\/digitalni-media\/?page_id=922"},"modified":"2019-07-31T10:44:48","modified_gmt":"2019-07-31T09:44:48","slug":"matej-kolarik","status":"publish","type":"student","link":"https:\/\/fud.ujep.cz\/sites\/digitalni-media\/student\/matej-kolarik\/","title":{"rendered":"Mat\u011bj Kola\u0159\u00edk"},"content":{"rendered":"<p><a href=\"mailto:math.kolarik@seznam.cz%20\">math.kolarik@seznam.cz <\/a><\/p>\n<p> <p><iframe loading=\"lazy\" src=\"https:\/\/player.vimeo.com\/video\/223331507?title=0&amp;byline=0&amp;portrait=0\" width=\"500\" height=\"284\" frameborder=\"0\" webkitAllowFullScreen mozallowfullscreen allowFullScreen><\/iframe><\/iframe><\/p> <\/p>\n<p>Bakal\u00e1\u0159sk\u00e1 pr\u00e1ce je soust\u0159ed\u011bna na projekt ve ve\u0159ejn\u00e9m prostoru. Autor proch\u00e1z\u00ed m\u011bstem zn\u00e1mou cestou. V jeho pam\u011bti se probouzej\u00ed vzpom\u00ednky na konkr\u00e9tn\u00ed p\u0159\u00edhody a situace, na pocity, kter\u00e9 zde pro\u017e\u00edval ze sv\u00e9 d\u011btsk\u00e9 perspektivy. Pomoc\u00ed slov \u010di kr\u00e1tk\u00fdch spojen\u00ed nasprejovan\u00fdch reflexn\u00edm sprejem se sna\u017e\u00ed sv\u00e9 pro\u017eitky a pocity o\u017eivit, vr\u00e1tit je na konkr\u00e9tn\u00ed m\u00edsta a sou\u010dasn\u011b kolemjdouc\u00ed vt\u00e1hnout do sv\u00e9ho p\u0159\u00edb\u011bhu. Div\u00e1k tedy na z\u00e1klad\u011b sd\u011blen\u00ed m\u016f\u017ee ve sv\u00fdch p\u0159edstav\u00e1ch konstruovat ud\u00e1lost, kter\u00e1 se zde mohla odehr\u00e1t, ale konkr\u00e9tn\u00ed slovo tak\u00e9 m\u016f\u017ee p\u0159ipomenout nebo evokovat zn\u00e1m\u00fd pocit. V t\u00e9to chv\u00edli se tedy sice div\u00e1k st\u00e1v\u00e1 sou\u010d\u00e1st\u00ed autorova p\u0159\u00edb\u011bhu, ale za\u010d\u00edn\u00e1 do n\u011bj tak\u00e9 vstupovat p\u0159\u00edb\u011bhem sv\u00fdm, sv\u00fdmi vzpom\u00ednkami, sv\u00fdmi asociacemi. Autor tak\u00e9 po\u010d\u00edt\u00e1 tak\u00e9 s t\u00edm, \u017ee zde podstatnou roli hraje n\u00e1hoda, zda kolemjdouc\u00ed nebo proj\u00ed\u017ed\u011bj\u00edc\u00ed letmo osv\u00edt\u00ed text na zdi nebo na strom\u011b a zda v tento dan\u00fd krati\u010dk\u00fd moment text v\u016fbec zaregistruje. Mnohdy intimn\u00ed informace se tak st\u00e1v\u00e1 sou\u010d\u00e1st\u00ed ve\u0159ejn\u00e9ho prostoru a je k dispozici v\u0161em.<\/p>\n<p> <p><iframe loading=\"lazy\" src=\"https:\/\/player.vimeo.com\/video\/172010707?title=0&amp;byline=0&amp;portrait=0\" width=\"500\" height=\"284\" frameborder=\"0\" webkitAllowFullScreen mozallowfullscreen allowFullScreen><\/iframe><\/iframe><\/p> <\/p>\n<p>T\u0159i pokusy. \u010casto putuji ve vzpom\u00ednk\u00e1ch po d\u011btstv\u00ed, obdob\u00ed bezstarostnosti, sn\u00edlkovstv\u00ed a naivn\u00edho v\u011bd\u00e1torstv\u00ed a c\u00edt\u00edm touhu po n\u00e1vratu. Podn\u011btem k\u00a0odstartov\u00e1n\u00ed t\u011bchto \u201etoulek minulost\u00ed\u201c mi v\u011bt\u0161inou b\u00fdv\u00e1 kom\u00ednek srovnan\u00fdch, zatuchl\u00fdch trik a mikin ze \u0161koln\u00edch let. Paradoxn\u011b v\u00edce, ne\u017e t\u0159eba fotoalbum. Ka\u017ed\u00fd kus oble\u010den\u00ed m\u00e1 vlastn\u00ed p\u0159\u00edb\u011bh a vztah k obdob\u00ed a situaci, kterou jsem za\u017e\u00edval pr\u00e1v\u011b v konkr\u00e9tn\u00edm od\u011bvu. Sestrojen\u00ed rogala je symbolem spln\u011bn\u00ed d\u011btsk\u00e9ho snu, inspirovan\u00e9ho \u010detbou Julese Verna. V\u00a0onom brzk\u00e9m v\u011bku sny v\u011bt\u0161inou kon\u010dily jen jak\u00fdmsi d\u011btsk\u00fdm pokusem o technick\u00fd n\u00e1kres. A tak se sna\u017e\u00edm zcela p\u0159etransformovat sv\u00e9 my\u0161len\u00ed zp\u011bt do my\u0161len\u00ed mal\u00e9ho sn\u00edlka a stav\u00edm objekt co nejrychleji a\u00a0jednodu\u0161e. S\u00e1m sob\u011b nalh\u00e1v\u00e1m a p\u0159edst\u00edr\u00e1m naivn\u00ed v\u00edru, \u017ee vzl\u00e9tnu, a to se samoz\u0159ejm\u00fdm v\u011bdom\u00edm negativn\u00edho v\u00fdsledku.<\/p>\n<p> <p><iframe loading=\"lazy\" src=\"https:\/\/player.vimeo.com\/video\/98670022?title=0&amp;byline=0&amp;portrait=0\" width=\"500\" height=\"284\" frameborder=\"0\" webkitAllowFullScreen mozallowfullscreen allowFullScreen><\/iframe><\/iframe><\/p> <\/p>\n<p>Krti\u010d\u00e1ci &#8211; Kr\u00e1tk\u00fd film zachycuje jeden den z prost\u0159ed\u00ed malebn\u00e9 vesnice, kde p\u0159evl\u00e1d\u00e1 nezam\u011bniteln\u00fd stereotypn\u00ed \u017eivotn\u00ed rytmus s n\u00e1dechem nudy a klidu pln\u00e9ho alegorick\u00fdch obraz\u016f, ve kter\u00fdch vystupuj\u00ed p\u0159ev\u00e1\u017en\u011b postar\u0161\u00ed venkovan\u00e9. P\u0159edem p\u0159ipraven\u00e1 mystifikace, d\u00edky n\u00ed\u017e se autor nastra\u017een\u00edm um\u011ble vytvo\u0159en\u00fdch krtinc\u016f na plo\u0161e m\u00edstn\u00edho fotbalov\u00e9ho h\u0159i\u0161ti st\u00e1v\u00e1 naru\u0161itelem atmosf\u00e9ry tohoto klidn\u00e9ho, jakoby zapomenut\u00e9ho m\u00edsta s pomalu plynouc\u00edm \u010dasem, m\u00e1 snahu nabourat ka\u017edodenn\u00ed sch\u00e9mata venkovsk\u00e9ho \u017eivota a vyvolat reakce u m\u00edstn\u00edch obyvatel. Toto rozv\u00ed\u0159en\u00ed stojat\u00fdch vod se pak uzav\u00edr\u00e1 v jak\u00e9si pomysln\u00e9 smy\u010dce, kdy je cel\u00e1 sc\u00e9na autorem nakonec navr\u00e1cena do p\u016fvodn\u00edho stavu a n\u00e1sleduj\u00edc\u00ed dny mohou op\u011bt plynout ve sv\u00e9m navykl\u00e9m rytmu.<\/p>\n<p> <p><iframe loading=\"lazy\" src=\"https:\/\/player.vimeo.com\/video\/69184798?title=0&amp;byline=0&amp;portrait=0\" width=\"500\" height=\"284\" frameborder=\"0\" webkitAllowFullScreen mozallowfullscreen allowFullScreen><\/iframe><\/iframe><\/p> <\/p>\n<p>Ve sv\u00e9 pr\u00e1ci se zab\u00fdv\u00e1m zkoum\u00e1n\u00edm fyzick\u00fdch vlastnost\u00ed sv\u00e9ho t\u011bla, konkr\u00e9tn\u011b jeho vodivost\u00ed a citlivosti na elektrick\u00fd proud. Pracuji s momentem intimn\u00edho pro\u017eitku a uspokojen\u00edm v\u00a0improvizaci. Jako muzikant \u010dasto pracuji s improvizac\u00ed a vytv\u00e1\u0159\u00edm nov\u00e9, vlastn\u00ed melodie. Toto video je v\u00fdsledkem procesu, kdy jsem cht\u011bl svou formu vyj\u00e1d\u0159en\u00ed uskute\u010dnit jin\u00fdm, pro mne nov\u00fdm zp\u016fsobem. Jde rovn\u011b\u017e o jak\u00fdsi v\u00fdraz procesu meditace, u kter\u00e9 se koncentruji na pohyb kon\u010detin, d\u00fdch\u00e1n\u00ed, sta\u017een\u00ed \u010di povolen\u00ed sval\u016f a dal\u0161\u00ed okolnosti, kter\u00e9 ovliv\u0148uj\u00ed v\u00fdsledn\u00fd zvuk. Z\u00e1m\u011brn\u011b tedy pracuji s\u00a0monot\u00f3nnost\u00ed, kter\u00e1 zv\u00fdraz\u0148uje jednoduchost, je\u017e neru\u0161\u00ed pozornost a dovoluje plynn\u011b se soust\u0159edit na jmenovan\u00e9 prvky. Ur\u010dit\u00e1 m\u00edra sebepo\u0161kozen\u00ed, kter\u00e9 je z\u00a0videa patrn\u00e9, potvrzuje spojitost zvukov\u00e9ho vyj\u00e1d\u0159en\u00ed s vnit\u0159n\u00ed sebereflex\u00ed, pro\u017eitkem.<\/p>\n<p><a href=\"https:\/\/soundcloud.com\/digit-ln-m-dia-fud-ujep\/matej-kolarik-variace-na-polonezu-2014-soucast-instalace?in=digit-ln-m-dia-fud-ujep\/sets\/digit-ln-m-dia%20\"><img loading=\"lazy\" decoding=\"async\" class=\"alignnone size-full wp-image-1640\" title=\"variace-na-polonezu\" src=\"https:\/\/fud.ujep.cz\/sites\/digitalni-media\/wp-content\/uploads\/2012\/07\/variace-na-polonezu.jpg\" alt=\"\" width=\"500\" height=\"90\" srcset=\"https:\/\/fud.ujep.cz\/sites\/digitalni-media\/wp-content\/uploads\/2012\/07\/variace-na-polonezu.jpg 953w, https:\/\/fud.ujep.cz\/sites\/digitalni-media\/wp-content\/uploads\/2012\/07\/variace-na-polonezu-100x17.jpg 100w, https:\/\/fud.ujep.cz\/sites\/digitalni-media\/wp-content\/uploads\/2012\/07\/variace-na-polonezu-210x37.jpg 210w, https:\/\/fud.ujep.cz\/sites\/digitalni-media\/wp-content\/uploads\/2012\/07\/variace-na-polonezu-800x143.jpg 800w\" sizes=\"auto, (max-width: 500px) 100vw, 500px\" \/><\/a><\/p>\n<p>Majitelka Chopinovy sb\u00edrky polon\u00e9z, je\u017e se stala sou\u010d\u00e1st\u00ed ni\u010div\u00e9ho po\u017e\u00e1ru ve sklep\u011b domu, kam byla od dob st\u0159edo\u0161kolsk\u00fdch studi\u00ed uschov\u00e1na, p\u0159ehr\u00e1v\u00e1 prvn\u00ed skladbu t\u00e9to knihy s nov\u00fdmi prvky, kter\u00e9 vznikly necht\u011bnou destrukc\u00ed. Pracuje se vzpom\u00ednkami, z\u00e1rove\u0148 vyu\u017e\u00edv\u00e1 improviza\u010dn\u00edch schopnost\u00ed tak, aby skladbu dohr\u00e1la do konce a dala j\u00ed plynule ucelenou formu. Takto netradi\u010dn\u00ed pojet\u00ed klav\u00edrn\u00edho p\u0159ednesu melodie z obdob\u00ed romantismu dadaisticky podn\u00edtilo uchopen\u00ed momentu jako iniciaci n\u00e1sledn\u00e9ho konceptu\u00e1ln\u00edho zpracov\u00e1n\u00ed. Cel\u00fd proces je pak zavr\u0161en p\u0159episem zvukov\u00e9 nahr\u00e1vky do notov\u00e9ho z\u00e1pisu jako nov\u011b vznikl\u00e9 skladby, variace na polon\u00e9zu op. 22 od Fr\u00e9d\u00e9rica Chopina. (Nahr\u00e1vka je sou\u010d\u00e1st\u00ed instalace: <a href=\"https:\/\/fud.ujep.cz\/sites\/digitalni-media\/student\/matej-kolarik\/?album=24&amp;gallery=107\">https:\/\/fud.ujep.cz\/sites\/digitalni-media\/student\/matej-kolarik\/?album=24&amp;gallery=107<\/a>)<\/p>\n<p>ngg_shortcode_0_placeholder<strong><br \/>\n<\/strong><\/p>\n<p>&nbsp;<\/p>\n<p><strong>Spole\u010dn\u00e9 v\u00fdstavy:<\/strong><\/p>\n<p><strong>2017 <\/strong>Diplomky 17, V\u00fdstava bakal\u00e1\u0159sk\u00fdch a diplomov\u00fdch prac\u00ed FUD UJEP, Fakulta um\u011bn\u00ed a designu UJEP, \u00dast\u00ed nad Labem<\/p>\n<p><strong>2015<\/strong> Obraz elektronick\u00fd, V\u00fdstava Katedry elektronick\u00e9ho obrazu FUD UJEP, Podnik, Praha<\/p>\n","protected":false},"excerpt":{"rendered":"<p>math.kolarik@seznam.cz Bakal\u00e1\u0159sk\u00e1 pr\u00e1ce je soust\u0159ed\u011bna na projekt ve ve\u0159ejn\u00e9m prostoru. Autor proch\u00e1z\u00ed m\u011bstem zn\u00e1mou cestou. V jeho pam\u011bti se probouzej\u00ed vzpom\u00ednky na konkr\u00e9tn\u00ed p\u0159\u00edhody a situace, na pocity, kter\u00e9 zde pro\u017e\u00edval ze sv\u00e9 d\u011btsk\u00e9 perspektivy. Pomoc\u00ed slov \u010di kr\u00e1tk\u00fdch spojen\u00ed nasprejovan\u00fdch reflexn\u00edm sprejem se sna\u017e\u00ed sv\u00e9 pro\u017eitky a pocity o\u017eivit, vr\u00e1tit je na konkr\u00e9tn\u00ed m\u00edsta [&hellip;]<\/p>\n","protected":false},"featured_media":0,"template":"","meta":{"_acf_changed":false,"ngg_post_thumbnail":0},"rocnik":[17],"class_list":["post-922","student","type-student","status-publish","hentry","rocnik-absolventi-bakalarskeho-studia"],"acf":[],"_links":{"self":[{"href":"https:\/\/fud.ujep.cz\/sites\/digitalni-media\/wp-json\/wp\/v2\/student\/922","targetHints":{"allow":["GET"]}}],"collection":[{"href":"https:\/\/fud.ujep.cz\/sites\/digitalni-media\/wp-json\/wp\/v2\/student"}],"about":[{"href":"https:\/\/fud.ujep.cz\/sites\/digitalni-media\/wp-json\/wp\/v2\/types\/student"}],"wp:attachment":[{"href":"https:\/\/fud.ujep.cz\/sites\/digitalni-media\/wp-json\/wp\/v2\/media?parent=922"}],"wp:term":[{"taxonomy":"rocnik","embeddable":true,"href":"https:\/\/fud.ujep.cz\/sites\/digitalni-media\/wp-json\/wp\/v2\/rocnik?post=922"}],"curies":[{"name":"wp","href":"https:\/\/api.w.org\/{rel}","templated":true}]}}