{"id":926,"date":"2012-07-04T10:45:06","date_gmt":"2012-07-04T09:45:06","guid":{"rendered":"https:\/\/fud.ujep.cz\/sites\/digitalni-media\/?page_id=926"},"modified":"2022-11-24T17:09:13","modified_gmt":"2022-11-24T16:09:13","slug":"martin-krupa","status":"publish","type":"student","link":"https:\/\/fud.ujep.cz\/sites\/digitalni-media\/student\/martin-krupa\/","title":{"rendered":"Martin Krupa"},"content":{"rendered":"<p><a href=\"mailto:martinkrupa@seznam.cz%20\">martinkrupa@seznam.cz<\/a><\/p>\n<p>&nbsp;<\/p>\n<p><strong>T\u00e9ma diserta\u010dn\u00ed pr\u00e1ce:<\/strong> Pohybliv\u00fd obraz ve v\u00edcekan\u00e1lov\u00e9m zobrazen\u00ed<\/p>\n<p><strong>Anotace diserta\u010dn\u00ed pr\u00e1ce:<\/strong><\/p>\n<p>Diserta\u010dn\u00ed pr\u00e1ce se sna\u017e\u00ed reflektovat a sledovat tendenci pou\u017eit\u00ed v\u00edcekan\u00e1lov\u00fdch a\u00a0v\u00edcen\u00e1sobn\u00fdch projekc\u00ed v\u00a0sou\u010dasn\u00e9m um\u011bn\u00ed, a to s ohledem na jejich historick\u00fd kontext. Rovn\u011b\u017e se sna\u017e\u00ed definovat postaven\u00ed v\u00edcekan\u00e1lov\u00fdch projekc\u00ed v souvislosti s trendy roz\u0161\u00ed\u0159en\u00fdch a virtu\u00e1ln\u00edch realit s ohledem na pozici sou\u010dasn\u00e9ho div\u00e1ka. Dizerta\u010dn\u00ed pr\u00e1ce se tak\u00e9 zam\u011b\u0159uje na hled\u00e1n\u00ed spojitost\u00ed, mo\u017enost\u00ed a forem vyj\u00e1d\u0159en\u00ed v\u00edcekan\u00e1lov\u00fdch projekc\u00ed a zm\u00edn\u011bn\u00fdch realit.<\/p>\n<p>&nbsp;<\/p>\n<p> <p><iframe loading=\"lazy\" src=\"https:\/\/player.vimeo.com\/video\/575783340?title=0&amp;byline=0&amp;portrait=0\" width=\"500\" height=\"284\" frameborder=\"0\" webkitAllowFullScreen mozallowfullscreen allowFullScreen><\/iframe><\/iframe><\/p> <\/p>\n<p>Video vzniklo pro v\u00fdstavu Um\u011bn\u00ed oce\u0148ovat, kter\u00e1 se konala v Modern\u00ed galerii AVU v Praze, v \u010dervnu 2021.<\/p>\n<p> <p><iframe loading=\"lazy\" src=\"https:\/\/player.vimeo.com\/video\/223404558?title=0&amp;byline=0&amp;portrait=0\" width=\"500\" height=\"284\" frameborder=\"0\" webkitAllowFullScreen mozallowfullscreen allowFullScreen><\/iframe><\/iframe><\/p>   <p><iframe loading=\"lazy\" src=\"https:\/\/player.vimeo.com\/video\/223404712?title=0&amp;byline=0&amp;portrait=0\" width=\"500\" height=\"284\" frameborder=\"0\" webkitAllowFullScreen mozallowfullscreen allowFullScreen><\/iframe><\/iframe><\/p>   <p><iframe loading=\"lazy\" src=\"https:\/\/player.vimeo.com\/video\/223404135?title=0&amp;byline=0&amp;portrait=0\" width=\"500\" height=\"284\" frameborder=\"0\" webkitAllowFullScreen mozallowfullscreen allowFullScreen><\/iframe><\/iframe><\/p> \n<p>P\u0159\u00edb\u011bh II je kr\u00e1tkou sekvenc\u00ed sestavenou ze t\u0159\u00ed, na sob\u011b nez\u00e1visl\u00fdch mikro-p\u0159\u00edb\u011bh\u016f. Intimn\u00ed bl\u00edzkost kamery, ticho bez o\u010dek\u00e1vateln\u00fdch dialog\u016f a pouze hra o\u010d\u00ed, pohyb\u016f a gest jsou hlavn\u00edm narativn\u00edm prvkem. Nejasnost situac\u00ed bud\u00ed nap\u011bt\u00ed, ani\u017e by div\u00e1k dost\u00e1val jasn\u00e9 odpov\u011bdi na ot\u00e1zku, \u010deho je sv\u011bdkem.<\/p>\n<p> <p><iframe loading=\"lazy\" src=\"https:\/\/player.vimeo.com\/video\/223343865?title=0&amp;byline=0&amp;portrait=0\" width=\"500\" height=\"284\" frameborder=\"0\" webkitAllowFullScreen mozallowfullscreen allowFullScreen><\/iframe><\/iframe><\/p> <\/p>\n<p>Projekce je obrazov\u00fdm experimentem, kter\u00fd vych\u00e1z\u00ed z fascinace m\u00e9diem 16 mm filmu, a je jedn\u00edm z n\u011bkolika experiment\u016f, kter\u00e9 se sna\u017e\u00ed p\u0159ekro\u010dit pevn\u011b definovan\u00e9 hranice filmu a vytv\u00e1\u0159\u00ed model zkoumaj\u00edc\u00ed propl\u00e9t\u00e1n\u00ed, dopl\u0148ov\u00e1n\u00ed i vylu\u010dov\u00e1n\u00ed dvou t\u00e9m\u011b\u0159 toto\u017en\u00fdch z\u00e1b\u011br\u016f. Poetika nostalgick\u00e9ho sentimentu, kter\u00e1 je privilegiem filmov\u00e9 d\u00fdchaj\u00edc\u00ed projekce, p\u0159eb\u00edj\u00ed t\u00e9m\u011b\u0159 dokonal\u00fd obraz digit\u00e1ln\u00edho z\u00e1znamu. V projekci ale nast\u00e1v\u00e1 rozpor, proto\u017ee digit\u00e1ln\u00ed obraz je dominantn\u011bj\u0161\u00ed ne\u017e obraz filmov\u00e9 projekce. Projek\u010dn\u00ed symbi\u00f3za a pojet\u00ed modelov\u011b anima\u010dn\u00edho prost\u0159ed\u00ed zobrazuje objekt a jeho podivn\u00fd st\u00edn, kter\u00fd sv\u016fj obraz doh\u00e1n\u00ed, p\u0159edh\u00e1n\u00ed jako vizu\u00e1ln\u00ed tanec.<\/p>\n<p> <p><iframe loading=\"lazy\" src=\"https:\/\/player.vimeo.com\/video\/170577710?title=0&amp;byline=0&amp;portrait=0\" width=\"500\" height=\"284\" frameborder=\"0\" webkitAllowFullScreen mozallowfullscreen allowFullScreen><\/iframe><\/iframe><\/p> <\/p>\n<p>Videoinstalace v r\u00e1mci m\u00e9 bakal\u00e1\u0159sk\u00e9 pr\u00e1ce je postavena na t\u0159ech vide\u00edch, kter\u00e1 jsou vizu\u00e1ln\u011b t\u00e9m\u011b\u0159 nerozli\u0161iteln\u00e1. Proto tedy na prvn\u00ed pohled nen\u00ed zcela patrn\u00e9, \u017ee se jedn\u00e1 o t\u0159i samostatn\u011b nato\u010den\u00e1 videa podle stejn\u00e9ho sc\u00e9n\u00e1\u0159e. N\u00e1m\u011btem ban\u00e1ln\u00edho z\u00e1znamu je pomalu jdouc\u00ed postava, kter\u00e1 je sn\u00edm\u00e1na jedn\u00edm dlouh\u00fdm sleduj\u00edc\u00edm z\u00e1b\u011brem. R\u00e1mov\u00e1n\u00ed z\u00e1b\u011bru je z bl\u00edzkosti, kter\u00e1 je ale dostate\u010dn\u011b vzd\u00e1len\u00e1, aby n\u00e1m uk\u00e1zala jen minim\u00e1ln\u00ed prost\u0159edky, kter\u00e9 umo\u017e\u0148uj\u00ed u\u017e rozehr\u00e1vat asociativn\u00ed prost\u0159ed\u00ed. Obraz se sna\u017e\u00ed uk\u00e1zat pouze okle\u0161t\u011bn\u00fd prostor, kter\u00fd je sice fyzicky p\u0159\u00edtomn\u00fd, ale je na pomysln\u00e9 hranici jeho p\u0159esn\u00e9ho ur\u010den\u00ed. Sledov\u00e1n\u00ed a o\u010dek\u00e1v\u00e1n\u00ed vzbuzuje lehk\u00e9 nap\u011bt\u00ed, kter\u00e9 je podpo\u0159eno zvl\u00e1\u0161tn\u00edm zpomalen\u00ed ch\u016fze, v\u00fdrazn\u00e9mu pohybu kamery, kter\u00fd napov\u00edd\u00e1 stejn\u011b jako v\u00edtr a pohyb ve druh\u00e9m pl\u00e1nu, \u017ee se jedn\u00e1 o t\u0159i jako by stejn\u00e9, ale p\u0159eci jin\u00e9 z\u00e1znamy. Nekon\u010d\u00edc\u00ed a neza\u010d\u00ednaj\u00edc\u00ed p\u0159\u00edb\u011bh, kter\u00fd n\u00e1m mo\u017en\u00e1 a\u017e moc pop\u00edr\u00e1 samotnou naraci, pop\u00edr\u00e1 \u010das a prostor. Vytvo\u0159il jsem p\u0159\u00edb\u011bh, kter\u00fd v\u00fdrazn\u011b neza\u010d\u00edn\u00e1, nekon\u010d\u00ed a ani nem\u00e1 vyvrcholen\u00ed p\u0159\u00edmo v samotn\u00e9m obraze, ale v\u0161echno je jen latentn\u011b tu\u0161en\u00e9, a m\u016f\u017ee se odehr\u00e1vat zcela mimo zorn\u00e9 pole zobrazen\u00ed.<\/p>\n<p> <p><iframe loading=\"lazy\" src=\"https:\/\/player.vimeo.com\/video\/60657060?title=0&amp;byline=0&amp;portrait=0\" width=\"500\" height=\"284\" frameborder=\"0\" webkitAllowFullScreen mozallowfullscreen allowFullScreen><\/iframe><\/iframe><\/p> <\/p>\n<p>Videosmy\u010dka zachycuje sled nedokon\u010den\u00fdch \u010dinnost\u00ed, kter\u00e9 jsou sami o sob\u011b oby\u010dejn\u00e9 a p\u0159irozen\u00e9. Jedna my\u0161lenka nen\u00ed domy\u0161lena a vytv\u00e1\u0159\u00ed novou, jako jedna \u010dinnost nen\u00ed dokon\u010dena a pokra\u010duje jinou. Ona nedokon\u010denost a oby\u010dejnost v\u0161ak v celkov\u00e9m uspo\u0159\u00e1d\u00e1n\u00ed vytv\u00e1\u0159\u00ed nep\u0159irozenost a iracion\u00e1lnost, kterou se ka\u017ed\u00fd sna\u017e\u00ed racion\u00e1ln\u011b objasnit. P\u0159edm\u011bty se nazp\u011bt vrac\u00ed samy bez pov\u0161imnut\u00ed, aby se vydaly na stejnou cestu. Obrazov\u00e1 a zvukov\u00e1 podivnost, kter\u00e1 n\u00e1s doprov\u00e1z\u00ed, vytv\u00e1\u0159\u00ed snovou atmosf\u00e9ru. Plynulost a snovost obrazu se synt\u00e9zou jednotliv\u00fdch racion\u00e1ln\u00edch \u010dinnost\u00ed je iluze alegorie n\u00e1vaznosti my\u0161lenek a jejich smysluplnosti.<\/p>\nngg_shortcode_0_placeholder\n<p>&nbsp;<\/p>\n<p><strong>Samostatn\u00e9 v\u00fdstavy:<\/strong><\/p>\n<p><strong>2014<\/strong> Kino projekce na Desku, Deska, ve\u0159ejn\u00fd prostor, \u017dukovova ulice, \u00dast\u00ed nad Labem (s J\u00e1chymem Myslivcem)<\/p>\n<p>&nbsp;<\/p>\n<p><strong>Spole\u010dn\u00e9 v\u00fdstavy:<\/strong><\/p>\n<p><strong>2021 <\/strong>Um\u011bn\u00ed oce\u0148ovat, Modern\u00ed galerie AVU, Praha<\/p>\n<p><strong>2020 <\/strong>RE\u2013?, Karl\u00ednsk\u00e1 Invalidovna, Galerie 3Kur\u00e1torek, Praha<\/p>\n<p><strong>2020<\/strong> Festival Katarze, B\u0159evnovsk\u00fd kl\u00e1\u0161ter, Praha<\/p>\n<p><strong>2020<\/strong> Festival Deziluze, Pivovar Herold, B\u0159eznice<\/p>\n<p><strong>2019<\/strong> Labyrinth, V\u00fdstava ateli\u00e9ru Digit\u00e1ln\u00ed m\u00e9dia FUD UJEP, Pragovka, Praha<\/p>\n<p><strong>2019 <\/strong>Sametov\u00e1 v\u00fdstava, Galerie E. Filly, \u00dast\u00ed nad Labem<\/p>\n<p><strong>2019 <\/strong>Virtualita, Karl\u00ednsk\u00e1 Invalidovna, Praha<\/p>\n<p><strong>2019 <\/strong>Diplomky 19, V\u00fdstava bakal\u00e1\u0159sk\u00fdch a diplomov\u00fdch prac\u00ed FUD UJEP, Galerie E. Filly, \u00dast\u00ed nad Labem<\/p>\n<p><strong>2018 <\/strong>Odcizen\u00ed podle slovn\u00edku, Galerie E. Filly, \u00dast\u00ed nad Labem<strong><br \/>\n<\/strong><\/p>\n<p><strong>2018<\/strong> TOTAL SOLO &#8211; Festival Neue Musik, Linz<\/p>\n<p><strong>2018<\/strong> WEG, Prostor Raum-schiff Linz, Magistersk\u00e1 t\u0159\u00edda Zeitbasierte Medien Um\u011bleck\u00e9 univerzity v Linz na t\u00e9ma Cesta<\/p>\n<p><strong>2017<\/strong> Muzejn\u00ed a galerijn\u00ed noc v Dom\u011b um\u011bn\u00ed &#8211; Live cinema \/ audiovizu\u00e1ln\u00ed instalace a proch\u00e1zka (s J\u00e1chymem Myslivcem, Janou Kolorevou, Ivou Zochovou) D\u016fm um\u011bn\u00ed \u00dast\u00ed nad Labem<\/p>\n<p><strong>2016 <\/strong>Art Dialog &#8211; Meziprostory, V\u00fdstava je v\u00fdsledkem mezin\u00e1rodn\u00edho sympozia student\u016f a pedagog\u016f vysok\u00fdch um\u011bleck\u00fdch \u0161kol, S\u00fdpka Klenov\u00e1, Klenov\u00e1<strong><br \/>\n<\/strong><\/p>\n<p><strong>2016 <\/strong>Diplomky 16, V\u00fdstava bakal\u00e1\u0159sk\u00fdch a diplomov\u00fdch prac\u00ed FUD UJEP, Fakulta um\u011bn\u00ed a designu UJEP, \u00dast\u00ed nad Labem<\/p>\n<p><strong>2015<\/strong> Obraz elektronick\u00fd, V\u00fdstava Katedry elektronick\u00e9ho obrazu FUD UJEP, Podnik, Praha<\/p>\n<p><strong>2014<\/strong> Komunikace obrazem, Galerie Rampa, \u00dast\u00ed nad Labem<\/p>\n<p><strong>2014<\/strong> Festival K\u016fra, Pivovar Sedlec, Kutn\u00e1 Hora<\/p>\n<p><strong>2013<\/strong> Mezin\u00e1rodn\u00ed festival dokument\u00e1rn\u00edch film\u016f, Laboratorium, Galerie P\u016fda, Jihlava<\/p>\n<p>&nbsp;<\/p>\n<p><strong>\u00da\u010dast na konferenc\u00edch:<\/strong><\/p>\n<p><strong>2020<\/strong> Konference v r\u00e1mci ECODATA, RIX ART SCIENCE FESTIVAL, Riga, <br \/>\n8. 10.\u201310. 10. 2020, p\u0159\u00edsp\u011bvek Regional Reflection (s Dianou Kn\u011b\u017e\u00ednkovou)<\/p>\n<p>&nbsp;<\/p>\n<p><strong>Ceny:<\/strong><\/p>\n<p><strong>2019<\/strong> Cena ateli\u00e9ru Digit\u00e1ln\u00ed m\u00e9dia FUD UJEP<\/p>\n<p><strong>2016<\/strong> Cena Art Dialog (S\u00fdpka Klenov\u00e1)<\/p>\n<p><strong>2016<\/strong> Cena ateli\u00e9ru Digit\u00e1ln\u00ed m\u00e9dia FUD UJEP<\/p>\n<p>&nbsp;<\/p>\n<p><strong>St\u00e1\u017ee:<\/strong><\/p>\n<p><strong>2017\/2018<\/strong> Universit\u00e4t f\u00fcr k\u00fcnstlerische und industrielle Gestaltung, Linz, Rakousko (studijn\u00ed st\u00e1\u017e)<\/p>\n","protected":false},"excerpt":{"rendered":"<p>martinkrupa@seznam.cz &nbsp; T\u00e9ma diserta\u010dn\u00ed pr\u00e1ce: Pohybliv\u00fd obraz ve v\u00edcekan\u00e1lov\u00e9m zobrazen\u00ed Anotace diserta\u010dn\u00ed pr\u00e1ce: Diserta\u010dn\u00ed pr\u00e1ce se sna\u017e\u00ed reflektovat a sledovat tendenci pou\u017eit\u00ed v\u00edcekan\u00e1lov\u00fdch a\u00a0v\u00edcen\u00e1sobn\u00fdch projekc\u00ed v\u00a0sou\u010dasn\u00e9m um\u011bn\u00ed, a to s ohledem na jejich historick\u00fd kontext. Rovn\u011b\u017e se sna\u017e\u00ed definovat postaven\u00ed v\u00edcekan\u00e1lov\u00fdch projekc\u00ed v souvislosti s trendy roz\u0161\u00ed\u0159en\u00fdch a virtu\u00e1ln\u00edch realit s ohledem na pozici sou\u010dasn\u00e9ho [&hellip;]<\/p>\n","protected":false},"featured_media":0,"template":"","meta":{"_acf_changed":false,"ngg_post_thumbnail":0},"rocnik":[16,19],"class_list":["post-926","student","type-student","status-publish","hentry","rocnik-absolventi-a-studenti-doktorskeho-studia","rocnik-absolventi-magisterskeho-studia"],"acf":[],"_links":{"self":[{"href":"https:\/\/fud.ujep.cz\/sites\/digitalni-media\/wp-json\/wp\/v2\/student\/926","targetHints":{"allow":["GET"]}}],"collection":[{"href":"https:\/\/fud.ujep.cz\/sites\/digitalni-media\/wp-json\/wp\/v2\/student"}],"about":[{"href":"https:\/\/fud.ujep.cz\/sites\/digitalni-media\/wp-json\/wp\/v2\/types\/student"}],"wp:attachment":[{"href":"https:\/\/fud.ujep.cz\/sites\/digitalni-media\/wp-json\/wp\/v2\/media?parent=926"}],"wp:term":[{"taxonomy":"rocnik","embeddable":true,"href":"https:\/\/fud.ujep.cz\/sites\/digitalni-media\/wp-json\/wp\/v2\/rocnik?post=926"}],"curies":[{"name":"wp","href":"https:\/\/api.w.org\/{rel}","templated":true}]}}